{"id":683,"date":"2023-09-23T15:15:18","date_gmt":"2023-09-23T13:15:18","guid":{"rendered":"https:\/\/fiab-staa.it\/?page_id=683"},"modified":"2023-09-23T16:11:05","modified_gmt":"2023-09-23T14:11:05","slug":"home","status":"publish","type":"page","link":"https:\/\/fiab-staa.it\/de\/","title":{"rendered":"HOME"},"content":{"rendered":"\t\t<div data-elementor-type=\"wp-page\" data-elementor-id=\"683\" class=\"elementor elementor-683\">\n\t\t\t\t\t\t<section class=\"elementor-section elementor-top-section elementor-element elementor-element-5405c00 elementor-section-stretched elementor-section-height-min-height elementor-section-boxed elementor-section-height-default elementor-section-items-middle\" data-id=\"5405c00\" data-element_type=\"section\" data-e-type=\"section\" data-settings=\"{&quot;stretch_section&quot;:&quot;section-stretched&quot;,&quot;background_background&quot;:&quot;classic&quot;}\">\n\t\t\t\t\t\t<div class=\"elementor-container elementor-column-gap-default\">\n\t\t\t\t\t<div class=\"elementor-column elementor-col-100 elementor-top-column elementor-element elementor-element-0310b40\" data-id=\"0310b40\" data-element_type=\"column\" data-e-type=\"column\">\n\t\t\t<div class=\"elementor-widget-wrap elementor-element-populated\">\n\t\t\t\t\t\t<div class=\"elementor-element elementor-element-96b0fcf elementor-widget elementor-widget-text-editor\" data-id=\"96b0fcf\" data-element_type=\"widget\" data-e-type=\"widget\" data-widget_type=\"text-editor.default\">\n\t\t\t\t<div class=\"elementor-widget-container\">\n\t\t\t\t\t\t\t\t\t<p>&#8222;Nichts ist so sch\u00f6n wie ein Ausflug mit Freunden!&#8220;<\/p>\t\t\t\t\t\t\t\t<\/div>\n\t\t\t\t<\/div>\n\t\t\t\t<div class=\"elementor-element elementor-element-8799abc elementor-widget__width-initial elementor-widget elementor-widget-text-editor\" data-id=\"8799abc\" data-element_type=\"widget\" data-e-type=\"widget\" data-widget_type=\"text-editor.default\">\n\t\t\t\t<div class=\"elementor-widget-container\">\n\t\t\t\t\t\t\t\t\t<p>\u00a0\u00a0 #pedalaognigiorno<\/p>\t\t\t\t\t\t\t\t<\/div>\n\t\t\t\t<\/div>\n\t\t\t\t\t<\/div>\n\t\t<\/div>\n\t\t\t\t\t<\/div>\n\t\t<\/section>\n\t\t\t\t<section class=\"elementor-section elementor-top-section elementor-element elementor-element-24bd915 elementor-section-boxed elementor-section-height-default elementor-section-height-default\" data-id=\"24bd915\" data-element_type=\"section\" data-e-type=\"section\">\n\t\t\t\t\t\t<div class=\"elementor-container elementor-column-gap-default\">\n\t\t\t\t\t<div class=\"elementor-column elementor-col-100 elementor-top-column elementor-element elementor-element-20068fa\" data-id=\"20068fa\" data-element_type=\"column\" data-e-type=\"column\">\n\t\t\t<div class=\"elementor-widget-wrap elementor-element-populated\">\n\t\t\t\t\t\t<div class=\"elementor-element elementor-element-7a7b66e elementor-widget elementor-widget-shortcode\" data-id=\"7a7b66e\" data-element_type=\"widget\" data-e-type=\"widget\" data-widget_type=\"shortcode.default\">\n\t\t\t\t<div class=\"elementor-widget-container\">\n\t\t\t\t\t\t\t<div class=\"elementor-shortcode\"><div data-post-id=\"37\" class=\"insert-page insert-page-37 \"><h1 class='insert-page-title'>\u00dcBER UNS<\/h1><div class=\"wp-block-image\">\n<figure class=\"aligncenter size-large is-resized\"><img decoding=\"async\" src=\"https:\/\/fiab-staa.it\/wp-content\/uploads\/2023\/08\/logo-FIAB_STAA-1-1024x628.jpg\" alt=\"\" class=\"wp-image-276\" style=\"width:258px;height:158px\" width=\"258\" height=\"158\" srcset=\"https:\/\/fiab-staa.it\/wp-content\/uploads\/2023\/08\/logo-FIAB_STAA-1-1024x628.jpg 1024w, https:\/\/fiab-staa.it\/wp-content\/uploads\/2023\/08\/logo-FIAB_STAA-1-300x184.jpg 300w, https:\/\/fiab-staa.it\/wp-content\/uploads\/2023\/08\/logo-FIAB_STAA-1-768x471.jpg 768w, https:\/\/fiab-staa.it\/wp-content\/uploads\/2023\/08\/logo-FIAB_STAA-1.jpg 1200w\" sizes=\"(max-width: 258px) 100vw, 258px\" \/><\/figure>\n<\/div>\n\n\n<p>Die FIAB (Federazione Italiana Ambiente e Bicicletta) hat es sich zum Ziel gemacht, Aktivit\u00e4ten im Bereich des Umweltschutzes, der nachhaltigen Mobilit\u00e4t und die F\u00f6rderung des Fahrradverkehrs zu unterst\u00fctzen und vor allem das Fahrrad als \u00f6kologisches und gesundes Transportmittel f\u00fcr den Alltagsverkehr zu bewerben. Mit seinen 20.000 Mitgliedern und 190 Sektionen italienweit ist die FIAB Italiens gr\u00f6sster Interessensverein.<\/p>\n\n\n\n<p><br>Die FIAB S\u00dcDTIROL ALTO ADIGE (FIAB-STAA) wurde am 1. Dezember 2019 in Bozen gegr\u00fcndet. Die FIAB STAA, bis vor Kurzem ein &#8222;Non Profit&#8220; Onlus Verein (APS, Associazione di Promozione Sociale), hat sich auch den Zeiten angepasst und ist seit April 2023 ein Verein des Dritten Sektors (ETS, Ente del Terzo Settore) und ist im RUNTS eingetragen (Protokoll Nr. 321122). Die Mitgliederversammlung findet regelm\u00e4\u00dfig&#8230;. <strong><a href=\"https:\/\/fiab-staa.it\/de\/?p=460\">&gt; WEITERLESEN <\/a><\/strong><\/p>\n\n\n<div class=\"wp-block-image\">\n<figure class=\"alignright size-full is-resized\"><img decoding=\"async\" src=\"https:\/\/fiab-staa.it\/wp-content\/uploads\/2023\/08\/336738150_912283900107792_1794429536353103097_n.jpg\" alt=\"\" class=\"wp-image-69\" style=\"width:160px;height:159px\" width=\"160\" height=\"159\" srcset=\"https:\/\/fiab-staa.it\/wp-content\/uploads\/2023\/08\/336738150_912283900107792_1794429536353103097_n.jpg 318w, https:\/\/fiab-staa.it\/wp-content\/uploads\/2023\/08\/336738150_912283900107792_1794429536353103097_n-300x297.jpg 300w, https:\/\/fiab-staa.it\/wp-content\/uploads\/2023\/08\/336738150_912283900107792_1794429536353103097_n-150x150.jpg 150w\" sizes=\"(max-width: 160px) 100vw, 160px\" \/><\/figure>\n<\/div>\n\n\n<h6 class=\"wp-block-heading has-text-align-left has-medium-font-size\"><strong>WERDE JETZT <\/strong>FIAB &#8211; STAA MITGLIED ! <\/h6>\n\n\n\n<h6 class=\"wp-block-heading has-text-align-left has-medium-font-size\" style=\"text-transform:none\">Spende der FIAB-STAA deinen <strong>5&#215;1000 Anteil <\/strong>&gt; Steuernummer hier rechts: DANKE!!<\/h6>\n\n\n<div class=\"wp-block-image\">\n<figure class=\"aligncenter size-full is-resized\"><img fetchpriority=\"high\" fetchpriority=\"high\" decoding=\"async\" src=\"https:\/\/fiab-staa.it\/wp-content\/uploads\/2023\/08\/359724327_301811629045959_6825482944770865320_n.jpg\" alt=\"\" class=\"wp-image-269\" style=\"width:1008px;height:429px\" width=\"1008\" height=\"429\" srcset=\"https:\/\/fiab-staa.it\/wp-content\/uploads\/2023\/08\/359724327_301811629045959_6825482944770865320_n.jpg 960w, https:\/\/fiab-staa.it\/wp-content\/uploads\/2023\/08\/359724327_301811629045959_6825482944770865320_n-300x128.jpg 300w, https:\/\/fiab-staa.it\/wp-content\/uploads\/2023\/08\/359724327_301811629045959_6825482944770865320_n-768x326.jpg 768w\" sizes=\"(max-width: 1008px) 100vw, 1008px\" \/><\/figure>\n<\/div><ul class='post-meta'>\n<li><span class='post-meta-key'>footnotes:<\/span> <\/li>\n<\/ul>\n<\/div>\n<div data-post-id=\"839\" class=\"insert-page insert-page-839 \"><h1 class='insert-page-title'>News<\/h1>        <style type=\"text\/css\">\n                .fts-facebook-add-more-posts-notice {\n            display: none !important;\n        }\n        \n        <\/style><div class=\"fts-jal-fb-header\"><div class=\"fts-jal-fb-group-header-desc\"><\/div><\/div><div class=\"fts-jal-fb-group-display fts-simple-fb-wrapper feed_dynamic_classqmiirsxoxz_page\"><div class=\"fts-jal-single-fb-post\"><div  class=\"fts-jal-fb-right-wrap\"><div class=\"fts-jal-fb-top-wrap \"><div class=\"fts-jal-fb-user-thumb\"><a href=\"https:\/\/www.facebook.com\/1327482657400631\" target=\"_blank\" rel=\"noreferrer\"><img decoding=\"async\" border=\"0\" alt=\"FIAB S\u00fcdtirol Alto Adige\" src=\"https:\/\/scontent-fra5-2.xx.fbcdn.net\/v\/t39.30808-1\/422345099_409146678312453_9085237538647410816_n.jpg?stp=cp0_dst-jpg_s50x50&amp;_nc_cat=106&amp;ccb=1-7&amp;_nc_sid=6738e8&amp;_nc_ohc=IjUmXX8lziwQ7kNvgFC9ovR&amp;_nc_zt=24&amp;_nc_ht=scontent-fra5-2.xx&amp;edm=AJdBtusEAAAA&amp;_nc_gid=AqhYPHux50p46JHihjVwjUg&amp;oh=00_AYC9tyYszJLtTn0xYtBlPOIoOszF-AQxF1P5Baep0_1irQ&amp;oe=6754E82E\"\/><\/a><\/div><span class=\"fts-jal-fb-user-name\"><a href=\"https:\/\/www.facebook.com\/1327482657400631\" target=\"_blank\" rel=\"noreferrer\">FIAB S\u00fcdtirol Alto Adige<\/a><\/span><span class=\"fts-jal-fb-post-time\">2 Jahre zuvor<\/span><div class=\"fts-clear\"><\/div><div class=\"fts-jal-fb-message\">Condividiamo. Non solo il post ma ogni singola parola dell\u2019articolo raggiungibile al link pubblicato da FIAB Italia. \u00c8 proprio vero, questo episodio spinge a una riflessione sulla convivenza civile e democratica, di cui si perdono le tracce a causa anche di una mentalit\u00e0 in cui ci\u00f2 che \u00e8 nuovo o diverso viene visto come un problema, un nemico e non come un\u2019opportunit\u00e0.<div class=\"fts-clear\"><\/div><\/div><\/div><div class=\"fts-jal-fb-link-wrap\"><a href=\"https:\/\/l.facebook.com\/l.php?u=https%3A%2F%2Ffiabitalia.it%2Fla-risposta-di-fiab-e-delle-associazioni-allattacco-di-feltri-no-allodio-e-alla-violenza%2F&#038;h=AT1Fk4-rloEfNmFkq3DMm_KTA5rK-O1lzYmdaG7K0h6W7ZpOkMb_Ju4cq070uTVjqIO26MEhrLVlb_czS5lTiNid-k708h-YSJdcHjIKmpRGK_D_zvowMQF-Fza1qwLi_Y9QlG0EqMAxKEyw&#038;s=1\" target=\"_blank\" rel=\"noreferrer\" class=\"fts-jal-fb-picture\"><img decoding=\"async\" border=\"0\" alt=\"FIAB S\u00fcdtirol Alto Adige\" src=\"https:\/\/external-fra5-2.xx.fbcdn.net\/emg1\/v\/t13\/7269566526291784308?url=https%3A%2F%2Ffiabitalia.it%2Fwp-content%2Fuploads%2F2024%2F09%2Fbambina-2-buona.jpg&#038;fb_obo=1&#038;utld=fiabitalia.it&#038;stp=c0.5000x0.5000f_dst-emg0_p720x720_q75_tt6&#038;ccb=13-1&#038;oh=06_Q399KFSZCE3j4eC4daHHcx1GF2eAIuEAL3Q916Woe_oMh7A&#038;oe=675108D1&#038;_nc_sid=ef6713\"\/><\/a><div class=\"fts-jal-fb-description-wrap\"><a href=\"https:\/\/l.facebook.com\/l.php?u=https%3A%2F%2Ffiabitalia.it%2Fla-risposta-di-fiab-e-delle-associazioni-allattacco-di-feltri-no-allodio-e-alla-violenza%2F&h=AT1Fk4-rloEfNmFkq3DMm_KTA5rK-O1lzYmdaG7K0h6W7ZpOkMb_Ju4cq070uTVjqIO26MEhrLVlb_czS5lTiNid-k708h-YSJdcHjIKmpRGK_D_zvowMQF-Fza1qwLi_Y9QlG0EqMAxKEyw&s=1\" target=\"_blank\" rel=\"noreferrer\" class=\"fts-jal-fb-name\">La risposta di FIAB e delle associazioni all'attacco di Feltri: no all'odio e alla violenza - FIAB Italia<\/a><div class=\"jal-fb-description\">La vicinanza di FIAB ai familiari delle vittime di violenza stradale e il rifiuto della visione aberrante della mobilit\u00e0 espressa da Feltri e contenuta nella modifica del Codice della strada.<\/div><div class=\"jal-fb-caption\"><\/div><div class=\"fts-clear\"><\/div><\/div><div class=\"fts-clear\"><\/div><\/div><div class=\"fts-clear\"><\/div><\/div><div class=\"fts-likes-shares-etc-wrap\"><div class=\"fts-fb-likes-shares-etc-content\"><a href=\"https:\/\/www.facebook.com\/1327482657400631_1327482657400631_559522566608196\" target=\"_blank\" rel=\"noreferrer\" class=\"fts-view-on-facebook-url fts-jal-fb-see-more\"><span class=\"fts-count-wrap fts-likes-wrap\"><\/span><span class=\"fts-count-wrap fts-comments-wrap\"><\/span><span class=\"fts-count-wrap fts-shares-wrap\"><\/span><\/a><div class=\"fts-shares-view-on-fb-wrap\"><a href=\"https:\/\/www.facebook.com\/1327482657400631_1327482657400631_559522566608196\" target=\"_blank\" rel=\"noreferrer\" class=\"fts-view-on-facebook-url fts-jal-fb-see-more\"><span class=\"fts-view-on-facebook\">Auf Facebook ansehen<\/span><\/a><div class=\"fts-share-wrap\"><a href=\"javascript:;\" class=\"ft-gallery-link-popup\" title=\"Social-Share-Optionen\"><\/a><div class=\"ft-gallery-share-wrap\"><a href=\"https:\/\/www.facebook.com\/sharer\/sharer.php?u=https:\/\/www.facebook.com\/1327482657400631_1327482657400631_559522566608196\" target=\"_blank\" rel=\"noreferrer\" class=\"ft-galleryfacebook-icon\" title=\"Share this post on Facebook\"><i class=\"fa fa-facebook-square\"><\/i><\/a><a href=\"https:\/\/twitter.com\/intent\/tweet?text=https:\/\/www.facebook.com\/1327482657400631_1327482657400631_559522566608196+1\" target=\"_blank\" rel=\"noreferrer\" class=\"ft-gallerytwitter-icon\" title=\"Share this post on Twitter\"><i class=\"fa fa-twitter\"><\/i><\/a><a href=\"https:\/\/www.linkedin.com\/shareArticle?mini=true&amp;url=https:\/\/www.facebook.com\/1327482657400631_1327482657400631_559522566608196\" target=\"_blank\" rel=\"noreferrer\" class=\"ft-gallerylinkedin-icon\" title=\"Share this post on Linkedin\"><i class=\"fa fa-linkedin\"><\/i><\/a><a href=\"mailto:?subject=Shared Link&amp;body=https:\/\/www.facebook.com\/1327482657400631_1327482657400631_559522566608196 - 1\" target=\"_blank\" rel=\"noreferrer\" class=\"ft-galleryemail-icon\" title=\"Share this post in your email\"><i class=\"fa fa-envelope\"><\/i><\/a><\/div><\/div><\/div><\/div><\/div><div class=\"fts-clear\"><\/div><\/div><div class='fts-fb-photo-post-wrap fts-jal-single-fb-post' ><div  class=\"fts-jal-fb-right-wrap\"><div class=\"fts-jal-fb-top-wrap \"><div class=\"fts-jal-fb-user-thumb\"><a href=\"https:\/\/www.facebook.com\/1327482657400631\" target=\"_blank\" rel=\"noreferrer\"><img decoding=\"async\" border=\"0\" alt=\"FIAB S\u00fcdtirol Alto Adige\" src=\"https:\/\/scontent-fra5-2.xx.fbcdn.net\/v\/t39.30808-1\/422345099_409146678312453_9085237538647410816_n.jpg?stp=cp0_dst-jpg_s50x50&amp;_nc_cat=106&amp;ccb=1-7&amp;_nc_sid=6738e8&amp;_nc_ohc=IjUmXX8lziwQ7kNvgFC9ovR&amp;_nc_zt=24&amp;_nc_ht=scontent-fra5-2.xx&amp;edm=AJdBtusEAAAA&amp;_nc_gid=AqhYPHux50p46JHihjVwjUg&amp;oh=00_AYC9tyYszJLtTn0xYtBlPOIoOszF-AQxF1P5Baep0_1irQ&amp;oe=6754E82E\"\/><\/a><\/div><span class=\"fts-jal-fb-user-name\"><a href=\"https:\/\/www.facebook.com\/1327482657400631\" target=\"_blank\" rel=\"noreferrer\">FIAB S\u00fcdtirol Alto Adige<\/a><\/span><span class=\"fts-jal-fb-post-time\">2 Jahre zuvor<\/span><div class=\"fts-clear\"><\/div><div class=\"fts-jal-fb-message\">Nach diesem herrlichen Sonntag im Radsattel, bedanken wir uns herzlichst bei der Citt\u00e0 di Bolzano - Stadt Bozen und bei der UISP Bolzano f\u00fcr die Einladung zum bolzanoinbici - boznerradtag und bei den Organisatoren der ersten Radstempeljagd - Caccia al tesoro in bici, insbesondere der Umweltschutzgruppe Terlan: es ist immer eine Freude und Ehre, unseren Beitrag leisten zu d\u00fcrfen!<br \/>\n<br \/>\nF\u00fcr alle Followers: Wir arbeiten bereits an weiteren neuen Aktionen f\u00fcr das Fahrrad als umweltfreundliches Verkehrsmittel \ud83d\udcaa\ud83d\udeb4<br \/>\nFolgt uns weiterhin; f\u00fcr Informationen k\u00f6nnt ihr gerne an <a href=\"mailto:info@fiab-staa.it\">info@fiab-staa.it<\/a> schreiben.<br \/>\nBis bald!<br \/>\n<br \/>\nConclusa questa bella domenica dedicata alla mobilit\u00e0 ciclistica, ringraziamo di cuore il Comune di Bolzano e UISP Bolzano per il coinvolgimento nella Bolzano in bici, e gli organizzatori della prima caccia al tesoro in bici di Terlano, in particolare la Umweltgruppe Terlan: \u00e8 sempre un piacere e un onore poter essere presenti e dare il nostro contributo!<br \/>\n<br \/>\nPer tutti i followers: siamo gi\u00e0 a lavoro per ulteriori iniziative a favore dell\u2019ambiente e della mobilit\u00e0 ciclistica \ud83d\udcaa\ud83d\udeb4<br \/>\nContinuate a seguirci e per ulteriori informazioni potete contattarci sempre anche all\u2019indirizzo mail <a href=\"mailto:info@fiab-staa.it\">info@fiab-staa.it<\/a>. <br \/>\nA presto!<div class=\"fts-clear\"><\/div><\/div><\/div><div class=\"fts-jal-fb-link-wrap fts-album-photos-wrap\"><a href=\"https:\/\/www.facebook.com\/photo.php?fbid=557335773493542&#038;set=a.301811599045962&#038;type=3\" target=\"_blank\" rel=\"noreferrer\" class=\"fts-jal-fb-picture\"><img decoding=\"async\" border=\"0\" alt=\"FIAB S\u00fcdtirol Alto Adige\" src=\"https:\/\/scontent-fra3-1.xx.fbcdn.net\/v\/t39.30808-6\/461095340_557335776826875_2704111876376870085_n.jpg?stp=dst-jpg_p720x720_tt6&#038;_nc_cat=105&#038;ccb=1-7&#038;_nc_sid=833d8c&#038;_nc_ohc=kGXeE-3zZfMQ7kNvgGxoQWB&#038;_nc_zt=23&#038;_nc_ht=scontent-fra3-1.xx&#038;edm=AKIiGfEEAAAA&#038;_nc_gid=AOB0ON4J6-CBjHxyd4No7rZ&#038;oh=00_AYBD8Hng2YUxJjq1VfigDcCTValSJktmka9h7FTBxLileA&#038;oe=6754EF3C\"\/><\/a><div class=\"slicker-facebook-album-photoshadow\"><\/div><div class=\"fts-jal-fb-description-wrap fts-photo-caption-text\"><div class=\"fts-clear\"><\/div><\/div><div class=\"fts-clear\"><\/div><\/div><div class=\"fts-clear\"><\/div><\/div><div class=\"fts-likes-shares-etc-wrap\"><div class=\"fts-fb-likes-shares-etc-content\"><a href=\"https:\/\/www.facebook.com\/photo.php?fbid=557335773493542&#038;set=a.301811599045962&#038;type=3\" target=\"_blank\" rel=\"noreferrer\" class=\"fts-jal-fb-see-more\"><span class=\"fts-count-wrap fts-likes-wrap\"><\/span><span class=\"fts-count-wrap fts-comments-wrap\"><\/span><span class=\"fts-count-wrap fts-shares-wrap\"><\/span><\/a><div class=\"fts-shares-view-on-fb-wrap\"><a href=\"https:\/\/www.facebook.com\/photo.php?fbid=557335773493542&#038;set=a.301811599045962&#038;type=3\" target=\"_blank\" rel=\"noreferrer\" class=\"fts-view-on-facebook-url fts-jal-fb-see-more\"><span class=\"fts-view-on-facebook\">Auf Facebook ansehen<\/span><\/a><div class=\"fts-share-wrap\"><a href=\"javascript:;\" class=\"ft-gallery-link-popup\" title=\"Social-Share-Optionen\"><\/a><div class=\"ft-gallery-share-wrap\"><a href=\"https:\/\/www.facebook.com\/sharer\/sharer.php?u=https:\/\/www.facebook.com\/photo.php?fbid=557335773493542&amp;set=a.301811599045962&amp;type=3\" target=\"_blank\" rel=\"noreferrer\" class=\"ft-galleryfacebook-icon\" title=\"Share this post on Facebook\"><i class=\"fa fa-facebook-square\"><\/i><\/a><a href=\"https:\/\/twitter.com\/intent\/tweet?text=https:\/\/www.facebook.com\/photo.php?fbid=557335773493542&amp;set=a.301811599045962&amp;type=3+1\" target=\"_blank\" rel=\"noreferrer\" class=\"ft-gallerytwitter-icon\" title=\"Share this post on Twitter\"><i class=\"fa fa-twitter\"><\/i><\/a><a href=\"https:\/\/www.linkedin.com\/shareArticle?mini=true&amp;url=https:\/\/www.facebook.com\/photo.php?fbid=557335773493542&amp;set=a.301811599045962&amp;type=3\" target=\"_blank\" rel=\"noreferrer\" class=\"ft-gallerylinkedin-icon\" title=\"Share this post on Linkedin\"><i class=\"fa fa-linkedin\"><\/i><\/a><a href=\"mailto:?subject=Shared Link&amp;body=https:\/\/www.facebook.com\/photo.php?fbid=557335773493542&amp;set=a.301811599045962&amp;type=3 - 1\" target=\"_blank\" rel=\"noreferrer\" class=\"ft-galleryemail-icon\" title=\"Share this post in your email\"><i class=\"fa fa-envelope\"><\/i><\/a><\/div><\/div><\/div><\/div><\/div><div class=\"fts-clear\"><\/div><\/div><div class=\"fts-jal-single-fb-post\"><div  class=\"fts-jal-fb-right-wrap\"><div class=\"fts-jal-fb-top-wrap \"><div class=\"fts-jal-fb-user-thumb\"><a href=\"https:\/\/www.facebook.com\/1327482657400631\" target=\"_blank\" rel=\"noreferrer\"><img decoding=\"async\" border=\"0\" alt=\"FIAB S\u00fcdtirol Alto Adige\" src=\"https:\/\/scontent-fra5-2.xx.fbcdn.net\/v\/t39.30808-1\/422345099_409146678312453_9085237538647410816_n.jpg?stp=cp0_dst-jpg_s50x50&amp;_nc_cat=106&amp;ccb=1-7&amp;_nc_sid=6738e8&amp;_nc_ohc=IjUmXX8lziwQ7kNvgFC9ovR&amp;_nc_zt=24&amp;_nc_ht=scontent-fra5-2.xx&amp;edm=AJdBtusEAAAA&amp;_nc_gid=AqhYPHux50p46JHihjVwjUg&amp;oh=00_AYC9tyYszJLtTn0xYtBlPOIoOszF-AQxF1P5Baep0_1irQ&amp;oe=6754E82E\"\/><\/a><\/div><span class=\"fts-jal-fb-user-name\"><a href=\"https:\/\/www.facebook.com\/1327482657400631\" target=\"_blank\" rel=\"noreferrer\">FIAB S\u00fcdtirol Alto Adige<\/a><\/span><span class=\"fts-jal-fb-post-time\">2 Jahre zuvor<\/span><div class=\"fts-clear\"><\/div><div class=\"fts-jal-fb-message\">Continuiamo con qualche foto della Caccia al tesoro in bici di Terlano. Tantissima partecipazione ed entusiasmo in questa prima edizione! <br \/>\n<br \/>\nUnd nun ein paar Bilder der Terlaner Radstempeljagd. Eine gro\u00dfe Teilnahme voller Enthusiasmus in dieser ersten Ausgabe!<div class=\"fts-clear\"><\/div><\/div><\/div><div class=\"fts-jal-fb-link-wrap fts-album-photos-wrap\"><a href=\"https:\/\/www.facebook.com\/422852896941831\/posts\/556376763589443\" target=\"_blank\" rel=\"noreferrer\" class=\"fts-jal-fb-picture fts-fb-large-photo\"><img decoding=\"async\" border=\"0\" alt=\"FIAB S\u00fcdtirol Alto Adige\" src=\"https:\/\/scontent-fra5-1.xx.fbcdn.net\/v\/t39.30808-6\/461051097_556376870256099_2491402063581204858_n.jpg?stp=dst-jpg_p720x720&#038;_nc_cat=102&#038;ccb=1-7&#038;_nc_sid=833d8c&#038;_nc_ohc=UU8hKBHaXyMQ7kNvgF2b8mk&#038;_nc_zt=23&#038;_nc_ht=scontent-fra5-1.xx&#038;edm=AKIiGfEEAAAA&#038;_nc_gid=AOB0ON4J6-CBjHxyd4No7rZ&#038;oh=00_AYBxJ7WzzswSymKYH81gSt3GTF91jvCJ9-9vY8TIVAnjTA&#038;oe=6754D803\"><\/a><div class=\"fts-clear\"><\/div><div id=\"igucxzmlgj_page\" class=\"fts-more-photos-4-photos fts-fb-more-photos-wrap fts-facebook-inline-block-centered\" style=\"max-width:1097px\" data-ftsi-id=igucxzmlgj_page data-ftsi-columns=\"3\" data-ftsi-margin=\"1px\" data-ftsi-force-columns=\"yes\"><a href=\"https:\/\/www.facebook.com\/photo.php?fbid=556372520256534&#038;set=a.301811599045962&#038;type=3\" target=\"_blank\" rel=\"noreferrer\" class=\"slicker-facebook-placeholder fts-fb-thumbs-wrap fts-4-photos fts-fb-thumb-zero-wrap fts-fb-large-photo\" style=\"background:url(https:\/\/scontent-fra5-2.xx.fbcdn.net\/v\/t39.30808-6\/461037199_556376903589429_93171587144777131_n.jpg?stp=dst-jpg_p720x720_tt6&#038;_nc_cat=107&#038;ccb=1-7&#038;_nc_sid=833d8c&#038;_nc_ohc=r0b0SSDov20Q7kNvgGKa77P&#038;_nc_zt=23&#038;_nc_ht=scontent-fra5-2.xx&#038;edm=AKIiGfEEAAAA&#038;_nc_gid=AOB0ON4J6-CBjHxyd4No7rZ&#038;oh=00_AYBpLiPEcKTKOJP1YE6n2QM9bqPcN59IdQ05uxaGVIqvyQ&#038;oe=6754E997);\" title=\"Bild von Facebook\" aria-label=\"Bild von Facebook\"><\/a><a href=\"https:\/\/www.facebook.com\/photo.php?fbid=556372456923207&#038;set=a.301811599045962&#038;type=3\" target=\"_blank\" rel=\"noreferrer\" class=\"fts-2-or-3-photos slicker-facebook-placeholder fts-fb-thumbs-wrap fts-4-photos fts-fb-thumb-one-wrap fts-fb-large-photo\" style=\"background:url(https:\/\/scontent-fra5-2.xx.fbcdn.net\/v\/t39.30808-6\/461080003_556376880256098_7807877349452077265_n.jpg?stp=dst-jpg_p720x720_tt6&#038;_nc_cat=106&#038;ccb=1-7&#038;_nc_sid=833d8c&#038;_nc_ohc=vhT0a4Zv0CMQ7kNvgGjWmXz&#038;_nc_zt=23&#038;_nc_ht=scontent-fra5-2.xx&#038;edm=AKIiGfEEAAAA&#038;_nc_gid=AOB0ON4J6-CBjHxyd4No7rZ&#038;oh=00_AYDA3bI7wxVY_yW4VJdkvwUwhF8fMnG5_YTSN9sVp33fMg&#038;oe=6754D374);\" title=\"Bild von Facebook\" aria-label=\"Bild von Facebook\"><\/a><a href=\"https:\/\/www.facebook.com\/photo.php?fbid=556372620256524&#038;set=a.301811599045962&#038;type=3\" target=\"_blank\" rel=\"noreferrer\" class=\"slicker-facebook-placeholder fts-fb-thumbs-wrap fts-4-photos fts-fb-thumb-two-wrap fts-fb-large-photo\" style=\"background:url(https:\/\/scontent-fra5-2.xx.fbcdn.net\/v\/t39.30808-6\/460961051_556376946922758_1245356319637266747_n.jpg?stp=dst-jpg_p720x720&#038;_nc_cat=106&#038;ccb=1-7&#038;_nc_sid=833d8c&#038;_nc_ohc=1RxS-PU_-80Q7kNvgFET3Pf&#038;_nc_zt=23&#038;_nc_ht=scontent-fra5-2.xx&#038;edm=AKIiGfEEAAAA&#038;_nc_gid=AOB0ON4J6-CBjHxyd4No7rZ&#038;oh=00_AYA53aOSbsQzKCV1VJ0SqQnEuuDt4lm--YZp_l2qlUPnXg&#038;oe=6754F637);\" title=\"Bild von Facebook\" aria-label=\"Bild von Facebook\"><div class=\"fts-image-count-tint-underlay\"><\/div><div class=\"fts-image-count\"><span>+<\/span>3<\/div><\/a><\/div><div class=\"slicker-facebook-album-photoshadow\"><\/div><div class=\"fts-jal-fb-description-wrap fts-photo-caption-text\"><a href=\"https:\/\/www.facebook.com\/422852896941831\/posts\/556376763589443\" target=\"_blank\" rel=\"noreferrer\" class=\"fts-jal-fb-name\">Foto dal post di FIAB S\u00fcdtirol Alto Adige<\/a><div class=\"fts-clear\"><\/div><\/div><div class=\"fts-clear\"><\/div><\/div><div class=\"fts-clear\"><\/div><\/div><div class=\"fts-likes-shares-etc-wrap\"><div class=\"fts-fb-likes-shares-etc-content\"><a href=\"https:\/\/www.facebook.com\/422852896941831\/posts\/556376763589443\" target=\"_blank\" rel=\"noreferrer\" class=\"fts-jal-fb-see-more\"><span class=\"fts-count-wrap fts-likes-wrap\"><\/span><span class=\"fts-count-wrap fts-comments-wrap\"><\/span><span class=\"fts-count-wrap fts-shares-wrap\"><\/span><\/a><div class=\"fts-shares-view-on-fb-wrap\"><a href=\"https:\/\/www.facebook.com\/422852896941831\/posts\/556376763589443\" target=\"_blank\" rel=\"noreferrer\" class=\"fts-view-on-facebook-url fts-jal-fb-see-more\"><span class=\"fts-view-on-facebook\">Auf Facebook ansehen<\/span><\/a><div class=\"fts-share-wrap\"><a href=\"javascript:;\" class=\"ft-gallery-link-popup\" title=\"Social-Share-Optionen\"><\/a><div class=\"ft-gallery-share-wrap\"><a href=\"https:\/\/www.facebook.com\/sharer\/sharer.php?u=https:\/\/www.facebook.com\/422852896941831\/posts\/556376763589443\" target=\"_blank\" rel=\"noreferrer\" class=\"ft-galleryfacebook-icon\" title=\"Share this post on Facebook\"><i class=\"fa fa-facebook-square\"><\/i><\/a><a href=\"https:\/\/twitter.com\/intent\/tweet?text=https:\/\/www.facebook.com\/422852896941831\/posts\/556376763589443+1\" target=\"_blank\" rel=\"noreferrer\" class=\"ft-gallerytwitter-icon\" title=\"Share this post on Twitter\"><i class=\"fa fa-twitter\"><\/i><\/a><a href=\"https:\/\/www.linkedin.com\/shareArticle?mini=true&amp;url=https:\/\/www.facebook.com\/422852896941831\/posts\/556376763589443\" target=\"_blank\" rel=\"noreferrer\" class=\"ft-gallerylinkedin-icon\" title=\"Share this post on Linkedin\"><i class=\"fa fa-linkedin\"><\/i><\/a><a href=\"mailto:?subject=Shared Link&amp;body=https:\/\/www.facebook.com\/422852896941831\/posts\/556376763589443 - 1\" target=\"_blank\" rel=\"noreferrer\" class=\"ft-galleryemail-icon\" title=\"Share this post in your email\"><i class=\"fa fa-envelope\"><\/i><\/a><\/div><\/div><\/div><\/div><\/div><div class=\"fts-clear\"><\/div><\/div><div class=\"fts-jal-single-fb-post\"><div  class=\"fts-jal-fb-right-wrap\"><div class=\"fts-jal-fb-top-wrap \"><div class=\"fts-jal-fb-user-thumb\"><a href=\"https:\/\/www.facebook.com\/1327482657400631\" target=\"_blank\" rel=\"noreferrer\"><img decoding=\"async\" border=\"0\" alt=\"FIAB S\u00fcdtirol Alto Adige\" src=\"https:\/\/scontent-fra5-2.xx.fbcdn.net\/v\/t39.30808-1\/422345099_409146678312453_9085237538647410816_n.jpg?stp=cp0_dst-jpg_s50x50&amp;_nc_cat=106&amp;ccb=1-7&amp;_nc_sid=6738e8&amp;_nc_ohc=IjUmXX8lziwQ7kNvgFC9ovR&amp;_nc_zt=24&amp;_nc_ht=scontent-fra5-2.xx&amp;edm=AJdBtusEAAAA&amp;_nc_gid=AqhYPHux50p46JHihjVwjUg&amp;oh=00_AYC9tyYszJLtTn0xYtBlPOIoOszF-AQxF1P5Baep0_1irQ&amp;oe=6754E82E\"\/><\/a><\/div><span class=\"fts-jal-fb-user-name\"><a href=\"https:\/\/www.facebook.com\/1327482657400631\" target=\"_blank\" rel=\"noreferrer\">FIAB S\u00fcdtirol Alto Adige<\/a><\/span><span class=\"fts-jal-fb-post-time\">2 Jahre zuvor<\/span><div class=\"fts-clear\"><\/div><div class=\"fts-jal-fb-message\">Primi scatti di questa domenica dedicata alla biciletta. Venite a trovarci al nostro stand di Bolzano in bici nel piazzale delle feste dei Prati del Talvera! <a href=\"https:\/\/www.facebook.com\/hashtag\/bolzanoinbici\" target=\"_blank\" rel=\"noreferrer\">#bolzanoinbici<\/a> <br \/>\n<br \/>\nErste Eindr\u00fccke des heutigen Sonntags der Fahrr\u00e4der. Kommt uns besuchen auf unserem Stand auf den Talferwiesen. <a href=\"https:\/\/www.facebook.com\/hashtag\/boznerradrag\" target=\"_blank\" rel=\"noreferrer\">#boznerradrag<\/a><div class=\"fts-clear\"><\/div><\/div><\/div><div class=\"fts-jal-fb-link-wrap fts-album-photos-wrap\"><a href=\"https:\/\/www.facebook.com\/422852896941831\/posts\/556364493590670\" target=\"_blank\" rel=\"noreferrer\" class=\"fts-jal-fb-picture fts-fb-large-photo\"><img decoding=\"async\" border=\"0\" alt=\"FIAB S\u00fcdtirol Alto Adige\" src=\"https:\/\/scontent-fra3-2.xx.fbcdn.net\/v\/t39.30808-6\/460957098_556360070257779_7788327837688510967_n.jpg?stp=cp1_dst-jpg&#038;_nc_cat=104&#038;ccb=1-7&#038;_nc_sid=833d8c&#038;_nc_ohc=zgh1r7vcZnoQ7kNvgHHPAfh&#038;_nc_zt=23&#038;_nc_ht=scontent-fra3-2.xx&#038;edm=AKIiGfEEAAAA&#038;_nc_gid=AOB0ON4J6-CBjHxyd4No7rZ&#038;oh=00_AYAG9nuQqj9JgTF3Dw0FNQHwmdYW2okqEvKODsdu1jjF5A&#038;oe=6754E4C5\"><\/a><div class=\"fts-clear\"><\/div><div id=\"qodimadmmg_page\" class=\"fts-more-photos-4-photos fts-fb-more-photos-wrap fts-facebook-inline-block-centered\" style=\"max-width:960px\" data-ftsi-id=qodimadmmg_page data-ftsi-columns=\"3\" data-ftsi-margin=\"1px\" data-ftsi-force-columns=\"yes\"><a href=\"https:\/\/www.facebook.com\/photo.php?fbid=556360090257777&#038;set=a.301811599045962&#038;type=3\" target=\"_blank\" rel=\"noreferrer\" class=\"slicker-facebook-placeholder fts-fb-thumbs-wrap fts-4-photos fts-fb-thumb-zero-wrap fts-fb-large-photo\" style=\"background:url(https:\/\/scontent-fra3-1.xx.fbcdn.net\/v\/t39.30808-6\/461004980_556364596923993_5796628459792242318_n.jpg?stp=cp1_dst-jpg_s960x960_tt6&#038;_nc_cat=105&#038;ccb=1-7&#038;_nc_sid=833d8c&#038;_nc_ohc=u3kev2fAQWgQ7kNvgEyULLe&#038;_nc_zt=23&#038;_nc_ht=scontent-fra3-1.xx&#038;edm=AKIiGfEEAAAA&#038;_nc_gid=AOB0ON4J6-CBjHxyd4No7rZ&#038;oh=00_AYDmzs5bd0AJ433B75osMfJJQOzTquub5CoDfqNMSJ5gLQ&#038;oe=6754FAAC);\" title=\"Bild von Facebook\" aria-label=\"Bild von Facebook\"><\/a><a href=\"https:\/\/www.facebook.com\/photo.php?fbid=556370400256746&#038;set=a.301811599045962&#038;type=3\" target=\"_blank\" rel=\"noreferrer\" class=\"fts-2-or-3-photos slicker-facebook-placeholder fts-fb-thumbs-wrap fts-4-photos fts-fb-thumb-one-wrap fts-fb-large-photo\" style=\"background:url(https:\/\/scontent-fra3-1.xx.fbcdn.net\/v\/t39.30808-6\/460852875_556370406923412_2964737045965941578_n.jpg?stp=dst-jpg_p720x720_tt6&#038;_nc_cat=108&#038;ccb=1-7&#038;_nc_sid=833d8c&#038;_nc_ohc=PCVfWSfE9qwQ7kNvgE9TqEx&#038;_nc_zt=23&#038;_nc_ht=scontent-fra3-1.xx&#038;edm=AKIiGfEEAAAA&#038;_nc_gid=AOB0ON4J6-CBjHxyd4No7rZ&#038;oh=00_AYCZ13JJ4RSb-osA2BFryCtV_9FoDp6RLdJeEvjOs-CbcQ&#038;oe=6754D551);\" title=\"Bild von Facebook\" aria-label=\"Bild von Facebook\"><\/a><a href=\"https:\/\/www.facebook.com\/photo.php?fbid=556370476923405&#038;set=a.301811599045962&#038;type=3\" target=\"_blank\" rel=\"noreferrer\" class=\"slicker-facebook-placeholder fts-fb-thumbs-wrap fts-4-photos fts-fb-thumb-two-wrap fts-fb-large-photo\" style=\"background:url(https:\/\/scontent-fra3-1.xx.fbcdn.net\/v\/t39.30808-6\/460957048_556370480256738_2541597296999640741_n.jpg?stp=dst-jpg_p720x720&#038;_nc_cat=101&#038;ccb=1-7&#038;_nc_sid=833d8c&#038;_nc_ohc=dH-RaPCjK5kQ7kNvgFKYhLn&#038;_nc_zt=23&#038;_nc_ht=scontent-fra3-1.xx&#038;edm=AKIiGfEEAAAA&#038;_nc_gid=AOB0ON4J6-CBjHxyd4No7rZ&#038;oh=00_AYBa67IIoEFrkOSiiyl9oJWRUpOcVwupVQZg3YImGzCm5w&#038;oe=6754E034);\" title=\"Bild von Facebook\" aria-label=\"Bild von Facebook\"><div class=\"fts-image-count-tint-underlay\"><\/div><div class=\"fts-image-count\"><span>+<\/span>2<\/div><\/a><\/div><div class=\"slicker-facebook-album-photoshadow\"><\/div><div class=\"fts-jal-fb-description-wrap fts-photo-caption-text\"><a href=\"https:\/\/www.facebook.com\/422852896941831\/posts\/556364493590670\" target=\"_blank\" rel=\"noreferrer\" class=\"fts-jal-fb-name\">Foto dal post di FIAB S\u00fcdtirol Alto Adige<\/a><div class=\"fts-clear\"><\/div><\/div><div class=\"fts-clear\"><\/div><\/div><div class=\"fts-clear\"><\/div><\/div><div class=\"fts-likes-shares-etc-wrap\"><div class=\"fts-fb-likes-shares-etc-content\"><a href=\"https:\/\/www.facebook.com\/422852896941831\/posts\/556364493590670\" target=\"_blank\" rel=\"noreferrer\" class=\"fts-jal-fb-see-more\"><span class=\"fts-count-wrap fts-likes-wrap\"><\/span><span class=\"fts-count-wrap fts-comments-wrap\"><\/span><span class=\"fts-count-wrap fts-shares-wrap\"><\/span><\/a><div class=\"fts-shares-view-on-fb-wrap\"><a href=\"https:\/\/www.facebook.com\/422852896941831\/posts\/556364493590670\" target=\"_blank\" rel=\"noreferrer\" class=\"fts-view-on-facebook-url fts-jal-fb-see-more\"><span class=\"fts-view-on-facebook\">Auf Facebook ansehen<\/span><\/a><div class=\"fts-share-wrap\"><a href=\"javascript:;\" class=\"ft-gallery-link-popup\" title=\"Social-Share-Optionen\"><\/a><div class=\"ft-gallery-share-wrap\"><a href=\"https:\/\/www.facebook.com\/sharer\/sharer.php?u=https:\/\/www.facebook.com\/422852896941831\/posts\/556364493590670\" target=\"_blank\" rel=\"noreferrer\" class=\"ft-galleryfacebook-icon\" title=\"Share this post on Facebook\"><i class=\"fa fa-facebook-square\"><\/i><\/a><a href=\"https:\/\/twitter.com\/intent\/tweet?text=https:\/\/www.facebook.com\/422852896941831\/posts\/556364493590670+1\" target=\"_blank\" rel=\"noreferrer\" class=\"ft-gallerytwitter-icon\" title=\"Share this post on Twitter\"><i class=\"fa fa-twitter\"><\/i><\/a><a href=\"https:\/\/www.linkedin.com\/shareArticle?mini=true&amp;url=https:\/\/www.facebook.com\/422852896941831\/posts\/556364493590670\" target=\"_blank\" rel=\"noreferrer\" class=\"ft-gallerylinkedin-icon\" title=\"Share this post on Linkedin\"><i class=\"fa fa-linkedin\"><\/i><\/a><a href=\"mailto:?subject=Shared Link&amp;body=https:\/\/www.facebook.com\/422852896941831\/posts\/556364493590670 - 1\" target=\"_blank\" rel=\"noreferrer\" class=\"ft-galleryemail-icon\" title=\"Share this post in your email\"><i class=\"fa fa-envelope\"><\/i><\/a><\/div><\/div><\/div><\/div><\/div><div class=\"fts-clear\"><\/div><\/div><div class='fts-fb-photo-post-wrap fts-jal-single-fb-post' ><div  class=\"fts-jal-fb-right-wrap\"><div class=\"fts-jal-fb-top-wrap \"><div class=\"fts-jal-fb-user-thumb\"><a href=\"https:\/\/www.facebook.com\/1327482657400631\" target=\"_blank\" rel=\"noreferrer\"><img decoding=\"async\" border=\"0\" alt=\"FIAB S\u00fcdtirol Alto Adige\" src=\"https:\/\/scontent-fra5-2.xx.fbcdn.net\/v\/t39.30808-1\/422345099_409146678312453_9085237538647410816_n.jpg?stp=cp0_dst-jpg_s50x50&amp;_nc_cat=106&amp;ccb=1-7&amp;_nc_sid=6738e8&amp;_nc_ohc=IjUmXX8lziwQ7kNvgFC9ovR&amp;_nc_zt=24&amp;_nc_ht=scontent-fra5-2.xx&amp;edm=AJdBtusEAAAA&amp;_nc_gid=AqhYPHux50p46JHihjVwjUg&amp;oh=00_AYC9tyYszJLtTn0xYtBlPOIoOszF-AQxF1P5Baep0_1irQ&amp;oe=6754E82E\"\/><\/a><\/div><span class=\"fts-jal-fb-user-name\"><a href=\"https:\/\/www.facebook.com\/1327482657400631\" target=\"_blank\" rel=\"noreferrer\">FIAB S\u00fcdtirol Alto Adige<\/a><\/span><span class=\"fts-jal-fb-post-time\">2 Jahre zuvor<\/span><div class=\"fts-clear\"><\/div><\/div><div class=\"fts-jal-fb-link-wrap fts-album-photos-wrap\"><a href=\"https:\/\/www.facebook.com\/photo.php?fbid=934863505352203&#038;set=a.491154556389769&#038;type=3\" target=\"_blank\" rel=\"noreferrer\" class=\"fts-jal-fb-picture\"><img decoding=\"async\" border=\"0\" alt=\"FIAB S\u00fcdtirol Alto Adige\" src=\"https:\/\/scontent-fra5-1.xx.fbcdn.net\/v\/t39.30808-6\/458209642_931193232385897_1374117235307798222_n.jpg?stp=dst-jpg_p720x720_tt6&#038;_nc_cat=110&#038;ccb=1-7&#038;_nc_sid=127cfc&#038;_nc_ohc=3ly0tuQ4FaMQ7kNvgFrMjMD&#038;_nc_zt=23&#038;_nc_ht=scontent-fra5-1.xx&#038;edm=AKIiGfEEAAAA&#038;_nc_gid=AOB0ON4J6-CBjHxyd4No7rZ&#038;oh=00_AYBUPIzdKZKxkxiXcL5XJxJnF6GEWdO5aLUHngDZY0y7Ig&#038;oe=6754D61F\"\/><\/a><div class=\"slicker-facebook-album-photoshadow\"><\/div><div class=\"fts-jal-fb-description-wrap fts-photo-caption-text\"><div class=\"fts-jal-fb-description\">La condivisione dello spazio pubblico \u00e8 il tema scelto quest'anno per la Settimana Europea della Mobilit\u00e0 2024 (16-22 settembre), la pi\u00f9 importante campagna di sensibilizzazione della European Commission sulla mobilit\u00e0 urbana sostenibile. \ud83c\udf31\ud83d\udeb2<br \/>\n<br \/>\n\ud83d\udcac Come afferma Luca Polverini, responsabile della SEM per FIAB, \u201clo spazio pubblico \u00e8 una risorsa preziosa e limitata soprattutto all\u2019interno dei centri urbani, strade e piazze sono luoghi di movimento, interazione e relazioni. <br \/>\nUn bene comune il cui utilizzo responsabile \u00e8 vitale per lo sviluppo di una mobilit\u00e0 sostenibile, non solo da un punto di vista ambientale e della sicurezza stradale ma anche per garantire benessere fisico, mentale e sociale, in accordo con la definizione di salute riconosciuta dall\u2019OMS. <br \/>\n<br \/>\nPurtroppo l'Italia sta attualmente andando nella direzione opposta: si tratta di una deriva politica da contrastare a tutti i costi \u201d. \u26d4\ufe0f<br \/>\n<br \/>\n\ud83d\udcc5 \ud83c\udf08 Durante la SEM, FIAB organizza centinaia di iniziative su tutto il territorio nazionale, trovi tutte le info nel nostro articolo su fiabitalia.it<\/div><div class=\"fts-clear\"><\/div><\/div><div class=\"fts-clear\"><\/div><\/div><div class=\"fts-clear\"><\/div><\/div><div class=\"fts-likes-shares-etc-wrap\"><div class=\"fts-fb-likes-shares-etc-content\"><a href=\"https:\/\/www.facebook.com\/photo.php?fbid=934863505352203&#038;set=a.491154556389769&#038;type=3\" target=\"_blank\" rel=\"noreferrer\" class=\"fts-jal-fb-see-more\"><span class=\"fts-count-wrap fts-likes-wrap\"><\/span><span class=\"fts-count-wrap fts-comments-wrap\"><\/span><span class=\"fts-count-wrap fts-shares-wrap\"><\/span><\/a><div class=\"fts-shares-view-on-fb-wrap\"><a href=\"https:\/\/www.facebook.com\/photo.php?fbid=934863505352203&#038;set=a.491154556389769&#038;type=3\" target=\"_blank\" rel=\"noreferrer\" class=\"fts-view-on-facebook-url fts-jal-fb-see-more\"><span class=\"fts-view-on-facebook\">Auf Facebook ansehen<\/span><\/a><div class=\"fts-share-wrap\"><a href=\"javascript:;\" class=\"ft-gallery-link-popup\" title=\"Social-Share-Optionen\"><\/a><div class=\"ft-gallery-share-wrap\"><a href=\"https:\/\/www.facebook.com\/sharer\/sharer.php?u=https:\/\/www.facebook.com\/photo.php?fbid=934863505352203&amp;set=a.491154556389769&amp;type=3\" target=\"_blank\" rel=\"noreferrer\" class=\"ft-galleryfacebook-icon\" title=\"Share this post on Facebook\"><i class=\"fa fa-facebook-square\"><\/i><\/a><a href=\"https:\/\/twitter.com\/intent\/tweet?text=https:\/\/www.facebook.com\/photo.php?fbid=934863505352203&amp;set=a.491154556389769&amp;type=3+\" target=\"_blank\" rel=\"noreferrer\" class=\"ft-gallerytwitter-icon\" title=\"Share this post on Twitter\"><i class=\"fa fa-twitter\"><\/i><\/a><a href=\"https:\/\/www.linkedin.com\/shareArticle?mini=true&amp;url=https:\/\/www.facebook.com\/photo.php?fbid=934863505352203&amp;set=a.491154556389769&amp;type=3\" target=\"_blank\" rel=\"noreferrer\" class=\"ft-gallerylinkedin-icon\" title=\"Share this post on Linkedin\"><i class=\"fa fa-linkedin\"><\/i><\/a><a href=\"mailto:?subject=Shared Link&amp;body=https:\/\/www.facebook.com\/photo.php?fbid=934863505352203&amp;set=a.491154556389769&amp;type=3 - \" target=\"_blank\" rel=\"noreferrer\" class=\"ft-galleryemail-icon\" title=\"Share this post in your email\"><i class=\"fa fa-envelope\"><\/i><\/a><\/div><\/div><\/div><\/div><\/div><div class=\"fts-clear\"><\/div><\/div><div class='fts-fb-photo-post-wrap fts-jal-single-fb-post' ><div  class=\"fts-jal-fb-right-wrap\"><div class=\"fts-jal-fb-top-wrap \"><div class=\"fts-jal-fb-user-thumb\"><a href=\"https:\/\/www.facebook.com\/1327482657400631\" target=\"_blank\" rel=\"noreferrer\"><img decoding=\"async\" border=\"0\" alt=\"FIAB S\u00fcdtirol Alto Adige\" src=\"https:\/\/scontent-fra5-2.xx.fbcdn.net\/v\/t39.30808-1\/422345099_409146678312453_9085237538647410816_n.jpg?stp=cp0_dst-jpg_s50x50&amp;_nc_cat=106&amp;ccb=1-7&amp;_nc_sid=6738e8&amp;_nc_ohc=IjUmXX8lziwQ7kNvgFC9ovR&amp;_nc_zt=24&amp;_nc_ht=scontent-fra5-2.xx&amp;edm=AJdBtusEAAAA&amp;_nc_gid=AqhYPHux50p46JHihjVwjUg&amp;oh=00_AYC9tyYszJLtTn0xYtBlPOIoOszF-AQxF1P5Baep0_1irQ&amp;oe=6754E82E\"\/><\/a><\/div><span class=\"fts-jal-fb-user-name\"><a href=\"https:\/\/www.facebook.com\/1327482657400631\" target=\"_blank\" rel=\"noreferrer\">FIAB S\u00fcdtirol Alto Adige<\/a><\/span><span class=\"fts-jal-fb-post-time\">2 Jahre zuvor<\/span><div class=\"fts-clear\"><\/div><div class=\"fts-jal-fb-message\">Per noi di FIAB S\u00fcdtirol Alto Adige, la Bolzano in bici \u00e8 un appuntamento fisso a cui non possiamo mancare. Quest\u2019anno \u00e8 domenica 22 settembre e noi siamo nel piazzale delle feste nei prati del Talvera con il nostro stand. Venite a trovarci anche con le vostre famiglie: per i pi\u00f9 piccoli abbiamo allestito un tavolo per disegnare \ud83c\udfa8<br \/>\nTutte le info su questa giornata nel nostro post in basso \u2b07\ufe0f ci vediamo l\u00ec!<br \/>\n<br \/>\nF\u00fcr uns als FIAB S\u00fcdtirol Alto Adige ist der Bozner Radtag ein fester Termin, den wir auf keinen Fall verpassen k\u00f6nnen. Dieses Jahr findet er am Sonntag den 22. September statt und wir sind auf dem Festplatz an den Talferwiesen mit unserem Stand. Besucht uns mit euren Familien: f\u00fcr Kinder haben wir eine Mahltisch eingerichtet \ud83c\udfa8<br \/>\nAlle Infos \u00fcber diesen Tag findet ihr in unserem Post nachstehend \u2b07\ufe0f wir sehen uns dort!<div class=\"fts-clear\"><\/div><\/div><\/div><div class=\"fts-jal-fb-link-wrap fts-album-photos-wrap\"><a href=\"https:\/\/www.facebook.com\/photo.php?fbid=549415150952271&#038;set=a.301811605712628&#038;type=3\" target=\"_blank\" rel=\"noreferrer\" class=\"fts-jal-fb-picture\"><img decoding=\"async\" border=\"0\" alt=\"FIAB S\u00fcdtirol Alto Adige\" src=\"https:\/\/scontent-fra5-1.xx.fbcdn.net\/v\/t39.30808-6\/459171076_549415157618937_2441673630118669089_n.jpg?_nc_cat=102&#038;ccb=1-7&#038;_nc_sid=127cfc&#038;_nc_ohc=Dnkb048CWK4Q7kNvgFQAKKm&#038;_nc_zt=23&#038;_nc_ht=scontent-fra5-1.xx&#038;edm=AKIiGfEEAAAA&#038;_nc_gid=AOB0ON4J6-CBjHxyd4No7rZ&#038;oh=00_AYAlOtVeCAnwIRByOah-LgWIBr6K9bIzRCoYhGpxM2y9dQ&#038;oe=6754F1D7\"\/><\/a><div class=\"slicker-facebook-album-photoshadow\"><\/div><div class=\"fts-jal-fb-description-wrap fts-photo-caption-text\"><div class=\"fts-jal-fb-description\">Veniteci a trovare allo stand di FIAB S\u00fcdtirol Alto Adige il 22 settembre (dalle 9.30 - 16.30), iI tradizionale \u201cPalio dei Quartieri\u201d \u00e8 da sempre uno degli appuntamenti pi\u00f9 importanti della giornata BolzanoinBici. Anche quest\u2019anno i 5 quartieri della citt\u00e0  competono per ricevere il tradizionale trofeo. Tutti i bolzanini possono partecipare: \u00e8 sufficiente dichiarare all\u2019iscrizione il quartiere di appartenenza. Vincer\u00e0 il palio il quartiere che raggiunger\u00e0 il maggior numero di iscritti. Per raccogliere i timbri \u00e8 necessario effettuare il percorso in bicicletta. Sostieni il tuo quartiere, pedala anche tu!<br \/>\n<br \/>\nIl percorso di \u201cbolzanoinbici - boznerradtag\u201d non \u00e8 competitivo.<br \/>\nLa manifestazione \u00e8 aperta a tutti. L\u2019iscrizione \u00e8 gratuita e si fa alla partenza. L\u2019estrazione finale avverr\u00e0 presso il piazzale delle feste ai Prati del Talvera alle ore 17.30 tra tutti i partecipanti presenti all\u2019estrazione. In palio tante biciclette! <br \/>\n<br \/>\nInfo in <a href=\"https:\/\/opencity.comune.bolzano.it\/Novita\/News\/BolzanoInBici-2024\">https:\/\/opencity.comune.bolzano.it\/Novita\/News\/BolzanoInBici-2024<\/a>  <br \/>\n<br \/>\nBesucht uns am 22. September am Stand der FIAB S\u00fcdtirol AA (von 9.30 - 16.30 Uhr). Der traditionelle \"Palio dei Quartieri\" ist seit jeher eine der wichtigsten Veranstaltungen des Bozner Radtages. Auch in diesem Jahr k\u00e4mpfen die 5 Stadtteile um die traditionelle Troph\u00e4e. Teilnehmen k\u00f6nnen alle Boznerinnen und Bozner: Sie m\u00fcssen bei der Anmeldung nur angeben, zu welchem Stadtteil sie geh\u00f6ren. Der Stadtteil mit der h\u00f6chsten Teilnehmerzahl gewinnt den Preis. Um die Stempel zu sammeln, muss man die Strecke mit dem Fahrrad zur\u00fccklegen. Unterst\u00fctzt euer Stadtviertel, tretet in die Pedale!<br \/>\n<br \/>\nDie Strecke des \"Boznerradtages\" ist nicht als Wettbewerb ausgeschrieben. Die Veranstaltung ist offen f\u00fcr alle. Die Anmeldung ist kostenlos und erfolgt am Start. Die endg\u00fcltige Verlosung findet um 17.30 Uhr auf dem Festplatz auf den Talferwiesen mit allen Teilnehmern statt, die bei der Verlosung anwesend sind. Zu gewinnen gibt es jede Menge Fahrr\u00e4der!<\/div><div class=\"fts-clear\"><\/div><\/div><div class=\"fts-clear\"><\/div><\/div><div class=\"fts-clear\"><\/div><\/div><div class=\"fts-likes-shares-etc-wrap\"><div class=\"fts-fb-likes-shares-etc-content\"><a href=\"https:\/\/www.facebook.com\/photo.php?fbid=549415150952271&#038;set=a.301811605712628&#038;type=3\" target=\"_blank\" rel=\"noreferrer\" class=\"fts-jal-fb-see-more\"><span class=\"fts-count-wrap fts-likes-wrap\"><\/span><span class=\"fts-count-wrap fts-comments-wrap\"><\/span><span class=\"fts-count-wrap fts-shares-wrap\"><\/span><\/a><div class=\"fts-shares-view-on-fb-wrap\"><a href=\"https:\/\/www.facebook.com\/photo.php?fbid=549415150952271&#038;set=a.301811605712628&#038;type=3\" target=\"_blank\" rel=\"noreferrer\" class=\"fts-view-on-facebook-url fts-jal-fb-see-more\"><span class=\"fts-view-on-facebook\">Auf Facebook ansehen<\/span><\/a><div class=\"fts-share-wrap\"><a href=\"javascript:;\" class=\"ft-gallery-link-popup\" title=\"Social-Share-Optionen\"><\/a><div class=\"ft-gallery-share-wrap\"><a href=\"https:\/\/www.facebook.com\/sharer\/sharer.php?u=https:\/\/www.facebook.com\/photo.php?fbid=549415150952271&amp;set=a.301811605712628&amp;type=3\" target=\"_blank\" rel=\"noreferrer\" class=\"ft-galleryfacebook-icon\" title=\"Share this post on Facebook\"><i class=\"fa fa-facebook-square\"><\/i><\/a><a href=\"https:\/\/twitter.com\/intent\/tweet?text=https:\/\/www.facebook.com\/photo.php?fbid=549415150952271&amp;set=a.301811605712628&amp;type=3+1\" target=\"_blank\" rel=\"noreferrer\" class=\"ft-gallerytwitter-icon\" title=\"Share this post on Twitter\"><i class=\"fa fa-twitter\"><\/i><\/a><a href=\"https:\/\/www.linkedin.com\/shareArticle?mini=true&amp;url=https:\/\/www.facebook.com\/photo.php?fbid=549415150952271&amp;set=a.301811605712628&amp;type=3\" target=\"_blank\" rel=\"noreferrer\" class=\"ft-gallerylinkedin-icon\" title=\"Share this post on Linkedin\"><i class=\"fa fa-linkedin\"><\/i><\/a><a href=\"mailto:?subject=Shared Link&amp;body=https:\/\/www.facebook.com\/photo.php?fbid=549415150952271&amp;set=a.301811605712628&amp;type=3 - 1\" target=\"_blank\" rel=\"noreferrer\" class=\"ft-galleryemail-icon\" title=\"Share this post in your email\"><i class=\"fa fa-envelope\"><\/i><\/a><\/div><\/div><\/div><\/div><\/div><div class=\"fts-clear\"><\/div><\/div><\/div><div class=\"fts-clear\"><\/div><div id=\"fb-root\"><\/div>\n<\/div>\n<div data-post-id=\"1172\" class=\"insert-page insert-page-1172 \"><h1 class='insert-page-title'>Events<\/h1>\n<iframe src=\"https:\/\/www.andiamoinbici.it\/embed\/191\" style=\"width: 1280px; height: 720px;\" frameborder=\"0\" allowfullscreen=\"\"><\/iframe>\n\n\n\n<h2 class=\"wp-block-heading\">Reserviere deinen Platz f\u00fcr das Event!<\/h2>\n\n\n<style id=\"wpforms-css-vars-1186\">\n\t\t\t\t#wpforms-1186 {\n\t\t\t\t\n\t\t\t}\n\t\t\t<\/style><div class=\"wpforms-container wpforms-container-full wpforms-render-modern\" id=\"wpforms-1186\"><form id=\"wpforms-form-1186\" class=\"wpforms-validate wpforms-form wpforms-ajax-form\" data-formid=\"1186\" method=\"post\" enctype=\"multipart\/form-data\" action=\"\/de\/wp-json\/wp\/v2\/pages\/683\" data-token=\"6372dc1e145f89c140a00c3fb6c96509\" data-token-time=\"1777211114\"><noscript class=\"wpforms-error-noscript\">Bitte aktiviere JavaScript in deinem Browser, um dieses Formular fertigzustellen.<\/noscript><div id=\"wpforms-error-noscript\" style=\"display: none;\">Bitte aktiviere JavaScript in deinem Browser, um dieses Formular fertigzustellen.<\/div><div class=\"wpforms-field-container\"><div id=\"wpforms-1186-field_15-container\" class=\"wpforms-field wpforms-field-text\" data-field-id=\"15\"><label class=\"wpforms-field-label\" for=\"wpforms-1186-field_15\">Event, f\u00fcr das Du buchst (Name oder Datum) <span class=\"wpforms-required-label\" aria-hidden=\"true\">*<\/span><\/label><input type=\"text\" id=\"wpforms-1186-field_15\" class=\"wpforms-field-medium wpforms-field-required\" name=\"wpforms[fields][15]\" aria-errormessage=\"wpforms-1186-field_15-error\" required><\/div><div id=\"wpforms-1186-field_1-container\" class=\"wpforms-field wpforms-field-name\" data-field-id=\"1\"><fieldset><legend class=\"wpforms-field-label\">Vorname und Nachname <span class=\"wpforms-required-label\" aria-hidden=\"true\">*<\/span><\/legend><div class=\"wpforms-field-row wpforms-field-medium\"><div class=\"wpforms-field-row-block wpforms-first wpforms-one-half\"><input type=\"text\" id=\"wpforms-1186-field_1\" class=\"wpforms-field-name-first wpforms-field-required\" name=\"wpforms[fields][1][first]\" aria-errormessage=\"wpforms-1186-field_1-error\" required><label for=\"wpforms-1186-field_1\" class=\"wpforms-field-sublabel after\">Vorname<\/label><\/div><div class=\"wpforms-field-row-block wpforms-one-half\"><input type=\"text\" id=\"wpforms-1186-field_1-last\" class=\"wpforms-field-name-last wpforms-field-required\" name=\"wpforms[fields][1][last]\" aria-errormessage=\"wpforms-1186-field_1-last-error\" required><label for=\"wpforms-1186-field_1-last\" class=\"wpforms-field-sublabel after\">Nachname<\/label><\/div><\/div><\/fieldset><\/div><div id=\"wpforms-1186-field_8-container\" class=\"wpforms-field wpforms-field-email\" data-field-id=\"8\"><label class=\"wpforms-field-label\" for=\"wpforms-1186-field_8\">E-mail <span class=\"wpforms-required-label\" aria-hidden=\"true\">*<\/span><\/label><input type=\"email\" id=\"wpforms-1186-field_8\" class=\"wpforms-field-medium wpforms-field-required\" name=\"wpforms[fields][8]\" spellcheck=\"false\" aria-errormessage=\"wpforms-1186-field_8-error\" required><\/div><div id=\"wpforms-1186-field_9-container\" class=\"wpforms-field wpforms-field-text\" data-field-id=\"9\"><label class=\"wpforms-field-label\" for=\"wpforms-1186-field_9\">Handynummer <span class=\"wpforms-required-label\" aria-hidden=\"true\">*<\/span><\/label><input type=\"text\" id=\"wpforms-1186-field_9\" class=\"wpforms-field-medium wpforms-field-required\" name=\"wpforms[fields][9]\" aria-errormessage=\"wpforms-1186-field_9-error\" required><\/div><div id=\"wpforms-1186-field_6-container\" class=\"wpforms-field wpforms-field-select wpforms-field-select-style-classic\" data-field-id=\"6\"><label class=\"wpforms-field-label\" for=\"wpforms-1186-field_6\">Wie viele Personen bringst du noch mit?<\/label><select id=\"wpforms-1186-field_6\" class=\"wpforms-field-medium\" name=\"wpforms[fields][6]\"><option value=\"Keine, ich komme allein.\"  class=\"choice-4 depth-1\"  >Keine, ich komme allein.<\/option><option value=\"+1\"  class=\"choice-1 depth-1\"  >+1<\/option><option value=\"+2\"  class=\"choice-2 depth-1\"  >+2<\/option><option value=\"+3 oder mehr\"  class=\"choice-3 depth-1\"  >+3 oder mehr<\/option><\/select><\/div><div id=\"wpforms-1186-field_14-container\" class=\"wpforms-field wpforms-field-checkbox\" data-field-id=\"14\"><fieldset><legend class=\"wpforms-field-label\">Ich erlaube der FIAB STAA, die w\u00e4hrend der Veranstaltung aufgenommenen Fotos zu verwenden. <span class=\"wpforms-required-label\" aria-hidden=\"true\">*<\/span><\/legend><ul id=\"wpforms-1186-field_14\" class=\"wpforms-field-required\"><li class=\"choice-1 depth-1\"><input type=\"checkbox\" id=\"wpforms-1186-field_14_1\" name=\"wpforms[fields][14][]\" value=\"Ja.\" aria-errormessage=\"wpforms-1186-field_14_1-error\" required ><label class=\"wpforms-field-label-inline\" for=\"wpforms-1186-field_14_1\">Ja.<\/label><\/li><\/ul><\/fieldset><\/div><div id=\"wpforms-1186-field_7-container\" class=\"wpforms-field wpforms-field-textarea\" data-field-id=\"7\"><label class=\"wpforms-field-label\" for=\"wpforms-1186-field_7\">Hast du noch etwas anzumerken oder Fragen zu stellen?<\/label><textarea id=\"wpforms-1186-field_7\" class=\"wpforms-field-medium\" name=\"wpforms[fields][7]\" aria-errormessage=\"wpforms-1186-field_7-error\" ><\/textarea><\/div><div id=\"wpforms-1186-field_12-container\" class=\"wpforms-field wpforms-field-checkbox\" data-field-id=\"12\"><fieldset><legend class=\"wpforms-field-label\">M\u00f6chtest Du in die Whatsapp-Gruppe der FIAB STAA-Mitglieder aufgenommen werden?<\/legend><ul id=\"wpforms-1186-field_12\"><li class=\"choice-1 depth-1\"><input type=\"checkbox\" id=\"wpforms-1186-field_12_1\" name=\"wpforms[fields][12][]\" value=\"Ja!\" aria-errormessage=\"wpforms-1186-field_12_1-error\" aria-describedby=\"wpforms-1186-field_12-description\"  ><label class=\"wpforms-field-label-inline\" for=\"wpforms-1186-field_12_1\">Ja!<\/label><\/li><\/ul><div id=\"wpforms-1186-field_12-description\" class=\"wpforms-field-description\">Hier bekommst Du Informationen \u00fcber organisierte Fahrten und spontane Radtouren, die von Mitgliedern vorgeschlagen werden.<\/div><\/fieldset><\/div><\/div><!-- .wpforms-field-container --><div class=\"wpforms-submit-container\" ><input type=\"hidden\" name=\"wpforms[id]\" value=\"1186\"><input type=\"hidden\" name=\"page_title\" value=\"\"><input type=\"hidden\" name=\"page_url\" value=\"https:\/\/fiab-staa.it\/de\/wp-json\/wp\/v2\/pages\/683\"><input type=\"hidden\" name=\"url_referer\" value=\"\"><button type=\"submit\" name=\"wpforms[submit]\" id=\"wpforms-submit-1186\" class=\"wpforms-submit\" data-alt-text=\"Absenden...\" data-submit-text=\"Absenden\" aria-live=\"assertive\" value=\"wpforms-submit\">Absenden<\/button><img loading=\"lazy\" loading=\"lazy\" decoding=\"async\" src=\"https:\/\/fiab-staa.it\/wp-content\/plugins\/wpforms-lite\/assets\/images\/submit-spin.svg\" class=\"wpforms-submit-spinner\" style=\"display: none;\" width=\"26\" height=\"26\" alt=\"Wird geladen\"><\/div><\/form><\/div>  <!-- .wpforms-container -->\n<\/div>\n<div data-post-id=\"2\" class=\"insert-page insert-page-2 \"><h1 class='insert-page-title'>KONTAKT<\/h1>\n<p class=\"has-text-align-center has-medium-font-size\">Gerne k\u00f6nnt ihr uns bei Fragen direkt per E-mail kontaktieren:<\/p>\n\n\n\n<p class=\"has-text-align-center has-medium-font-size\">\u200b<\/p>\n\n\n\n<p class=\"has-text-align-center has-medium-font-size\"><strong>info@fiab-staa.it <\/strong>(allgemeine Fragen)&nbsp;<\/p>\n\n\n\n<p class=\"has-text-align-center has-medium-font-size\"><strong>press@fiab-staa.it <\/strong>(Presse)<\/p>\n\n\n\n<p class=\"has-text-align-center has-medium-font-size\"><strong>tour@fiab-staa.it <\/strong>(Radtouren)<\/p>\n\n\n\n<p class=\"has-text-align-center\">\u200b<\/p>\n\n\n\n<p class=\"has-text-align-center\">oder ansonsten das <strong>Kontaktformular<\/strong> hier unten mit Ihrer Nachricht ausf\u00fcllen und versenden:<\/p>\n\n\n\n<p><\/p>\n\n\n\n<p><\/p>\n\n\n\n\n\n<p class=\"has-text-align-center\">\u200b<\/p>\n<ul class='post-meta'>\n<li><span class='post-meta-key'>footnotes:<\/span> <\/li>\n<\/ul>\n<\/div><\/div>\n\t\t\t\t\t\t<\/div>\n\t\t\t\t<\/div>\n\t\t\t\t\t<\/div>\n\t\t<\/div>\n\t\t\t\t\t<\/div>\n\t\t<\/section>\n\t\t\t\t<\/div>\n\t\t","protected":false},"excerpt":{"rendered":"<p>&#8222;Nichts ist so sch\u00f6n wie ein Ausflug mit Freunden!&#8220; \u00a0\u00a0 #pedalaognigiorno<\/p>\n","protected":false},"author":2,"featured_media":0,"parent":0,"menu_order":0,"comment_status":"closed","ping_status":"closed","template":"","meta":{"footnotes":""},"class_list":["post-683","page","type-page","status-publish"],"_links":{"self":[{"href":"https:\/\/fiab-staa.it\/de\/wp-json\/wp\/v2\/pages\/683","targetHints":{"allow":["GET"]}}],"collection":[{"href":"https:\/\/fiab-staa.it\/de\/wp-json\/wp\/v2\/pages"}],"about":[{"href":"https:\/\/fiab-staa.it\/de\/wp-json\/wp\/v2\/types\/page"}],"author":[{"embeddable":true,"href":"https:\/\/fiab-staa.it\/de\/wp-json\/wp\/v2\/users\/2"}],"replies":[{"embeddable":true,"href":"https:\/\/fiab-staa.it\/de\/wp-json\/wp\/v2\/comments?post=683"}],"version-history":[{"count":15,"href":"https:\/\/fiab-staa.it\/de\/wp-json\/wp\/v2\/pages\/683\/revisions"}],"predecessor-version":[{"id":944,"href":"https:\/\/fiab-staa.it\/de\/wp-json\/wp\/v2\/pages\/683\/revisions\/944"}],"wp:attachment":[{"href":"https:\/\/fiab-staa.it\/de\/wp-json\/wp\/v2\/media?parent=683"}],"curies":[{"name":"wp","href":"https:\/\/api.w.org\/{rel}","templated":true}]}}