{"id":839,"date":"2024-02-15T12:30:54","date_gmt":"2024-02-15T11:30:54","guid":{"rendered":"https:\/\/fiab-staa.it\/?page_id=839"},"modified":"2024-04-17T10:00:04","modified_gmt":"2024-04-17T08:00:04","slug":"news","status":"publish","type":"page","link":"https:\/\/fiab-staa.it\/de\/news\/","title":{"rendered":"News"},"content":{"rendered":"        <style type=\"text\/css\">\n                .fts-facebook-add-more-posts-notice {\n            display: none !important;\n        }\n        \n        <\/style><div class=\"fts-jal-fb-header\"><div class=\"fts-jal-fb-group-header-desc\"><\/div><\/div><div class=\"fts-jal-fb-group-display fts-simple-fb-wrapper feed_dynamic_classessetbeojf_page\"><div class=\"fts-jal-single-fb-post\"><div  class=\"fts-jal-fb-right-wrap\"><div class=\"fts-jal-fb-top-wrap \"><div class=\"fts-jal-fb-user-thumb\"><a href=\"https:\/\/www.facebook.com\/1327482657400631\" target=\"_blank\" rel=\"noreferrer\"><img decoding=\"async\" border=\"0\" alt=\"FIAB S\u00fcdtirol Alto Adige\" src=\"https:\/\/scontent-fra5-2.xx.fbcdn.net\/v\/t39.30808-1\/422345099_409146678312453_9085237538647410816_n.jpg?stp=cp0_dst-jpg_s50x50&amp;_nc_cat=106&amp;ccb=1-7&amp;_nc_sid=6738e8&amp;_nc_ohc=IjUmXX8lziwQ7kNvgFC9ovR&amp;_nc_zt=24&amp;_nc_ht=scontent-fra5-2.xx&amp;edm=AJdBtusEAAAA&amp;_nc_gid=AqhYPHux50p46JHihjVwjUg&amp;oh=00_AYC9tyYszJLtTn0xYtBlPOIoOszF-AQxF1P5Baep0_1irQ&amp;oe=6754E82E\"\/><\/a><\/div><span class=\"fts-jal-fb-user-name\"><a href=\"https:\/\/www.facebook.com\/1327482657400631\" target=\"_blank\" rel=\"noreferrer\">FIAB S\u00fcdtirol Alto Adige<\/a><\/span><span class=\"fts-jal-fb-post-time\">2 Jahre zuvor<\/span><div class=\"fts-clear\"><\/div><div class=\"fts-jal-fb-message\">Condividiamo. Non solo il post ma ogni singola parola dell\u2019articolo raggiungibile al link pubblicato da FIAB Italia. \u00c8 proprio vero, questo episodio spinge a una riflessione sulla convivenza civile e democratica, di cui si perdono le tracce a causa anche di una mentalit\u00e0 in cui ci\u00f2 che \u00e8 nuovo o diverso viene visto come un problema, un nemico e non come un\u2019opportunit\u00e0.<div class=\"fts-clear\"><\/div><\/div><\/div><div class=\"fts-jal-fb-link-wrap\"><a href=\"https:\/\/l.facebook.com\/l.php?u=https%3A%2F%2Ffiabitalia.it%2Fla-risposta-di-fiab-e-delle-associazioni-allattacco-di-feltri-no-allodio-e-alla-violenza%2F&#038;h=AT1Fk4-rloEfNmFkq3DMm_KTA5rK-O1lzYmdaG7K0h6W7ZpOkMb_Ju4cq070uTVjqIO26MEhrLVlb_czS5lTiNid-k708h-YSJdcHjIKmpRGK_D_zvowMQF-Fza1qwLi_Y9QlG0EqMAxKEyw&#038;s=1\" target=\"_blank\" rel=\"noreferrer\" class=\"fts-jal-fb-picture\"><img decoding=\"async\" border=\"0\" alt=\"FIAB S\u00fcdtirol Alto Adige\" src=\"https:\/\/external-fra5-2.xx.fbcdn.net\/emg1\/v\/t13\/7269566526291784308?url=https%3A%2F%2Ffiabitalia.it%2Fwp-content%2Fuploads%2F2024%2F09%2Fbambina-2-buona.jpg&#038;fb_obo=1&#038;utld=fiabitalia.it&#038;stp=c0.5000x0.5000f_dst-emg0_p720x720_q75_tt6&#038;ccb=13-1&#038;oh=06_Q399KFSZCE3j4eC4daHHcx1GF2eAIuEAL3Q916Woe_oMh7A&#038;oe=675108D1&#038;_nc_sid=ef6713\"\/><\/a><div class=\"fts-jal-fb-description-wrap\"><a href=\"https:\/\/l.facebook.com\/l.php?u=https%3A%2F%2Ffiabitalia.it%2Fla-risposta-di-fiab-e-delle-associazioni-allattacco-di-feltri-no-allodio-e-alla-violenza%2F&h=AT1Fk4-rloEfNmFkq3DMm_KTA5rK-O1lzYmdaG7K0h6W7ZpOkMb_Ju4cq070uTVjqIO26MEhrLVlb_czS5lTiNid-k708h-YSJdcHjIKmpRGK_D_zvowMQF-Fza1qwLi_Y9QlG0EqMAxKEyw&s=1\" target=\"_blank\" rel=\"noreferrer\" class=\"fts-jal-fb-name\">La risposta di FIAB e delle associazioni all'attacco di Feltri: no all'odio e alla violenza - FIAB Italia<\/a><div class=\"jal-fb-description\">La vicinanza di FIAB ai familiari delle vittime di violenza stradale e il rifiuto della visione aberrante della mobilit\u00e0 espressa da Feltri e contenuta nella modifica del Codice della strada.<\/div><div class=\"jal-fb-caption\"><\/div><div class=\"fts-clear\"><\/div><\/div><div class=\"fts-clear\"><\/div><\/div><div class=\"fts-clear\"><\/div><\/div><div class=\"fts-likes-shares-etc-wrap\"><div class=\"fts-fb-likes-shares-etc-content\"><a href=\"https:\/\/www.facebook.com\/1327482657400631_1327482657400631_559522566608196\" target=\"_blank\" rel=\"noreferrer\" class=\"fts-view-on-facebook-url fts-jal-fb-see-more\"><span class=\"fts-count-wrap fts-likes-wrap\"><\/span><span class=\"fts-count-wrap fts-comments-wrap\"><\/span><span class=\"fts-count-wrap fts-shares-wrap\"><\/span><\/a><div class=\"fts-shares-view-on-fb-wrap\"><a href=\"https:\/\/www.facebook.com\/1327482657400631_1327482657400631_559522566608196\" target=\"_blank\" rel=\"noreferrer\" class=\"fts-view-on-facebook-url fts-jal-fb-see-more\"><span class=\"fts-view-on-facebook\">Auf Facebook ansehen<\/span><\/a><div class=\"fts-share-wrap\"><a href=\"javascript:;\" class=\"ft-gallery-link-popup\" title=\"Social-Share-Optionen\"><\/a><div class=\"ft-gallery-share-wrap\"><a href=\"https:\/\/www.facebook.com\/sharer\/sharer.php?u=https:\/\/www.facebook.com\/1327482657400631_1327482657400631_559522566608196\" target=\"_blank\" rel=\"noreferrer\" class=\"ft-galleryfacebook-icon\" title=\"Share this post on Facebook\"><i class=\"fa fa-facebook-square\"><\/i><\/a><a href=\"https:\/\/twitter.com\/intent\/tweet?text=https:\/\/www.facebook.com\/1327482657400631_1327482657400631_559522566608196+1\" target=\"_blank\" rel=\"noreferrer\" class=\"ft-gallerytwitter-icon\" title=\"Share this post on Twitter\"><i class=\"fa fa-twitter\"><\/i><\/a><a href=\"https:\/\/www.linkedin.com\/shareArticle?mini=true&amp;url=https:\/\/www.facebook.com\/1327482657400631_1327482657400631_559522566608196\" target=\"_blank\" rel=\"noreferrer\" class=\"ft-gallerylinkedin-icon\" title=\"Share this post on Linkedin\"><i class=\"fa fa-linkedin\"><\/i><\/a><a href=\"mailto:?subject=Shared Link&amp;body=https:\/\/www.facebook.com\/1327482657400631_1327482657400631_559522566608196 - 1\" target=\"_blank\" rel=\"noreferrer\" class=\"ft-galleryemail-icon\" title=\"Share this post in your email\"><i class=\"fa fa-envelope\"><\/i><\/a><\/div><\/div><\/div><\/div><\/div><div class=\"fts-clear\"><\/div><\/div><div class='fts-fb-photo-post-wrap fts-jal-single-fb-post' ><div  class=\"fts-jal-fb-right-wrap\"><div class=\"fts-jal-fb-top-wrap \"><div class=\"fts-jal-fb-user-thumb\"><a href=\"https:\/\/www.facebook.com\/1327482657400631\" target=\"_blank\" rel=\"noreferrer\"><img decoding=\"async\" border=\"0\" alt=\"FIAB S\u00fcdtirol Alto Adige\" src=\"https:\/\/scontent-fra5-2.xx.fbcdn.net\/v\/t39.30808-1\/422345099_409146678312453_9085237538647410816_n.jpg?stp=cp0_dst-jpg_s50x50&amp;_nc_cat=106&amp;ccb=1-7&amp;_nc_sid=6738e8&amp;_nc_ohc=IjUmXX8lziwQ7kNvgFC9ovR&amp;_nc_zt=24&amp;_nc_ht=scontent-fra5-2.xx&amp;edm=AJdBtusEAAAA&amp;_nc_gid=AqhYPHux50p46JHihjVwjUg&amp;oh=00_AYC9tyYszJLtTn0xYtBlPOIoOszF-AQxF1P5Baep0_1irQ&amp;oe=6754E82E\"\/><\/a><\/div><span class=\"fts-jal-fb-user-name\"><a href=\"https:\/\/www.facebook.com\/1327482657400631\" target=\"_blank\" rel=\"noreferrer\">FIAB S\u00fcdtirol Alto Adige<\/a><\/span><span class=\"fts-jal-fb-post-time\">2 Jahre zuvor<\/span><div class=\"fts-clear\"><\/div><div class=\"fts-jal-fb-message\">Nach diesem herrlichen Sonntag im Radsattel, bedanken wir uns herzlichst bei der Citt\u00e0 di Bolzano - Stadt Bozen und bei der UISP Bolzano f\u00fcr die Einladung zum bolzanoinbici - boznerradtag und bei den Organisatoren der ersten Radstempeljagd - Caccia al tesoro in bici, insbesondere der Umweltschutzgruppe Terlan: es ist immer eine Freude und Ehre, unseren Beitrag leisten zu d\u00fcrfen!<br \/>\n<br \/>\nF\u00fcr alle Followers: Wir arbeiten bereits an weiteren neuen Aktionen f\u00fcr das Fahrrad als umweltfreundliches Verkehrsmittel \ud83d\udcaa\ud83d\udeb4<br \/>\nFolgt uns weiterhin; f\u00fcr Informationen k\u00f6nnt ihr gerne an <a href=\"mailto:info@fiab-staa.it\">info@fiab-staa.it<\/a> schreiben.<br \/>\nBis bald!<br \/>\n<br \/>\nConclusa questa bella domenica dedicata alla mobilit\u00e0 ciclistica, ringraziamo di cuore il Comune di Bolzano e UISP Bolzano per il coinvolgimento nella Bolzano in bici, e gli organizzatori della prima caccia al tesoro in bici di Terlano, in particolare la Umweltgruppe Terlan: \u00e8 sempre un piacere e un onore poter essere presenti e dare il nostro contributo!<br \/>\n<br \/>\nPer tutti i followers: siamo gi\u00e0 a lavoro per ulteriori iniziative a favore dell\u2019ambiente e della mobilit\u00e0 ciclistica \ud83d\udcaa\ud83d\udeb4<br \/>\nContinuate a seguirci e per ulteriori informazioni potete contattarci sempre anche all\u2019indirizzo mail <a href=\"mailto:info@fiab-staa.it\">info@fiab-staa.it<\/a>. <br \/>\nA presto!<div class=\"fts-clear\"><\/div><\/div><\/div><div class=\"fts-jal-fb-link-wrap fts-album-photos-wrap\"><a href=\"https:\/\/www.facebook.com\/photo.php?fbid=557335773493542&#038;set=a.301811599045962&#038;type=3\" target=\"_blank\" rel=\"noreferrer\" class=\"fts-jal-fb-picture\"><img decoding=\"async\" border=\"0\" alt=\"FIAB S\u00fcdtirol Alto Adige\" src=\"https:\/\/scontent-fra3-1.xx.fbcdn.net\/v\/t39.30808-6\/461095340_557335776826875_2704111876376870085_n.jpg?stp=dst-jpg_p720x720_tt6&#038;_nc_cat=105&#038;ccb=1-7&#038;_nc_sid=833d8c&#038;_nc_ohc=kGXeE-3zZfMQ7kNvgGxoQWB&#038;_nc_zt=23&#038;_nc_ht=scontent-fra3-1.xx&#038;edm=AKIiGfEEAAAA&#038;_nc_gid=AOB0ON4J6-CBjHxyd4No7rZ&#038;oh=00_AYBD8Hng2YUxJjq1VfigDcCTValSJktmka9h7FTBxLileA&#038;oe=6754EF3C\"\/><\/a><div class=\"slicker-facebook-album-photoshadow\"><\/div><div class=\"fts-jal-fb-description-wrap fts-photo-caption-text\"><div class=\"fts-clear\"><\/div><\/div><div class=\"fts-clear\"><\/div><\/div><div class=\"fts-clear\"><\/div><\/div><div class=\"fts-likes-shares-etc-wrap\"><div class=\"fts-fb-likes-shares-etc-content\"><a href=\"https:\/\/www.facebook.com\/photo.php?fbid=557335773493542&#038;set=a.301811599045962&#038;type=3\" target=\"_blank\" rel=\"noreferrer\" class=\"fts-jal-fb-see-more\"><span class=\"fts-count-wrap fts-likes-wrap\"><\/span><span class=\"fts-count-wrap fts-comments-wrap\"><\/span><span class=\"fts-count-wrap fts-shares-wrap\"><\/span><\/a><div class=\"fts-shares-view-on-fb-wrap\"><a href=\"https:\/\/www.facebook.com\/photo.php?fbid=557335773493542&#038;set=a.301811599045962&#038;type=3\" target=\"_blank\" rel=\"noreferrer\" class=\"fts-view-on-facebook-url fts-jal-fb-see-more\"><span class=\"fts-view-on-facebook\">Auf Facebook ansehen<\/span><\/a><div class=\"fts-share-wrap\"><a href=\"javascript:;\" class=\"ft-gallery-link-popup\" title=\"Social-Share-Optionen\"><\/a><div class=\"ft-gallery-share-wrap\"><a href=\"https:\/\/www.facebook.com\/sharer\/sharer.php?u=https:\/\/www.facebook.com\/photo.php?fbid=557335773493542&amp;set=a.301811599045962&amp;type=3\" target=\"_blank\" rel=\"noreferrer\" class=\"ft-galleryfacebook-icon\" title=\"Share this post on Facebook\"><i class=\"fa fa-facebook-square\"><\/i><\/a><a href=\"https:\/\/twitter.com\/intent\/tweet?text=https:\/\/www.facebook.com\/photo.php?fbid=557335773493542&amp;set=a.301811599045962&amp;type=3+1\" target=\"_blank\" rel=\"noreferrer\" class=\"ft-gallerytwitter-icon\" title=\"Share this post on Twitter\"><i class=\"fa fa-twitter\"><\/i><\/a><a href=\"https:\/\/www.linkedin.com\/shareArticle?mini=true&amp;url=https:\/\/www.facebook.com\/photo.php?fbid=557335773493542&amp;set=a.301811599045962&amp;type=3\" target=\"_blank\" rel=\"noreferrer\" class=\"ft-gallerylinkedin-icon\" title=\"Share this post on Linkedin\"><i class=\"fa fa-linkedin\"><\/i><\/a><a href=\"mailto:?subject=Shared Link&amp;body=https:\/\/www.facebook.com\/photo.php?fbid=557335773493542&amp;set=a.301811599045962&amp;type=3 - 1\" target=\"_blank\" rel=\"noreferrer\" class=\"ft-galleryemail-icon\" title=\"Share this post in your email\"><i class=\"fa fa-envelope\"><\/i><\/a><\/div><\/div><\/div><\/div><\/div><div class=\"fts-clear\"><\/div><\/div><div class=\"fts-jal-single-fb-post\"><div  class=\"fts-jal-fb-right-wrap\"><div class=\"fts-jal-fb-top-wrap \"><div class=\"fts-jal-fb-user-thumb\"><a href=\"https:\/\/www.facebook.com\/1327482657400631\" target=\"_blank\" rel=\"noreferrer\"><img decoding=\"async\" border=\"0\" alt=\"FIAB S\u00fcdtirol Alto Adige\" src=\"https:\/\/scontent-fra5-2.xx.fbcdn.net\/v\/t39.30808-1\/422345099_409146678312453_9085237538647410816_n.jpg?stp=cp0_dst-jpg_s50x50&amp;_nc_cat=106&amp;ccb=1-7&amp;_nc_sid=6738e8&amp;_nc_ohc=IjUmXX8lziwQ7kNvgFC9ovR&amp;_nc_zt=24&amp;_nc_ht=scontent-fra5-2.xx&amp;edm=AJdBtusEAAAA&amp;_nc_gid=AqhYPHux50p46JHihjVwjUg&amp;oh=00_AYC9tyYszJLtTn0xYtBlPOIoOszF-AQxF1P5Baep0_1irQ&amp;oe=6754E82E\"\/><\/a><\/div><span class=\"fts-jal-fb-user-name\"><a href=\"https:\/\/www.facebook.com\/1327482657400631\" target=\"_blank\" rel=\"noreferrer\">FIAB S\u00fcdtirol Alto Adige<\/a><\/span><span class=\"fts-jal-fb-post-time\">2 Jahre zuvor<\/span><div class=\"fts-clear\"><\/div><div class=\"fts-jal-fb-message\">Continuiamo con qualche foto della Caccia al tesoro in bici di Terlano. Tantissima partecipazione ed entusiasmo in questa prima edizione! <br \/>\n<br \/>\nUnd nun ein paar Bilder der Terlaner Radstempeljagd. Eine gro\u00dfe Teilnahme voller Enthusiasmus in dieser ersten Ausgabe!<div class=\"fts-clear\"><\/div><\/div><\/div><div class=\"fts-jal-fb-link-wrap fts-album-photos-wrap\"><a href=\"https:\/\/www.facebook.com\/422852896941831\/posts\/556376763589443\" target=\"_blank\" rel=\"noreferrer\" class=\"fts-jal-fb-picture fts-fb-large-photo\"><img decoding=\"async\" border=\"0\" alt=\"FIAB S\u00fcdtirol Alto Adige\" src=\"https:\/\/scontent-fra5-1.xx.fbcdn.net\/v\/t39.30808-6\/461051097_556376870256099_2491402063581204858_n.jpg?stp=dst-jpg_p720x720&#038;_nc_cat=102&#038;ccb=1-7&#038;_nc_sid=833d8c&#038;_nc_ohc=UU8hKBHaXyMQ7kNvgF2b8mk&#038;_nc_zt=23&#038;_nc_ht=scontent-fra5-1.xx&#038;edm=AKIiGfEEAAAA&#038;_nc_gid=AOB0ON4J6-CBjHxyd4No7rZ&#038;oh=00_AYBxJ7WzzswSymKYH81gSt3GTF91jvCJ9-9vY8TIVAnjTA&#038;oe=6754D803\"><\/a><div class=\"fts-clear\"><\/div><div id=\"gmjutjdfqr_page\" class=\"fts-more-photos-4-photos fts-fb-more-photos-wrap fts-facebook-inline-block-centered\" style=\"max-width:1097px\" data-ftsi-id=gmjutjdfqr_page data-ftsi-columns=\"3\" data-ftsi-margin=\"1px\" data-ftsi-force-columns=\"yes\"><a href=\"https:\/\/www.facebook.com\/photo.php?fbid=556372520256534&#038;set=a.301811599045962&#038;type=3\" target=\"_blank\" rel=\"noreferrer\" class=\"slicker-facebook-placeholder fts-fb-thumbs-wrap fts-4-photos fts-fb-thumb-zero-wrap fts-fb-large-photo\" style=\"background:url(https:\/\/scontent-fra5-2.xx.fbcdn.net\/v\/t39.30808-6\/461037199_556376903589429_93171587144777131_n.jpg?stp=dst-jpg_p720x720_tt6&#038;_nc_cat=107&#038;ccb=1-7&#038;_nc_sid=833d8c&#038;_nc_ohc=r0b0SSDov20Q7kNvgGKa77P&#038;_nc_zt=23&#038;_nc_ht=scontent-fra5-2.xx&#038;edm=AKIiGfEEAAAA&#038;_nc_gid=AOB0ON4J6-CBjHxyd4No7rZ&#038;oh=00_AYBpLiPEcKTKOJP1YE6n2QM9bqPcN59IdQ05uxaGVIqvyQ&#038;oe=6754E997);\" title=\"Bild von Facebook\" aria-label=\"Bild von Facebook\"><\/a><a href=\"https:\/\/www.facebook.com\/photo.php?fbid=556372456923207&#038;set=a.301811599045962&#038;type=3\" target=\"_blank\" rel=\"noreferrer\" class=\"fts-2-or-3-photos slicker-facebook-placeholder fts-fb-thumbs-wrap fts-4-photos fts-fb-thumb-one-wrap fts-fb-large-photo\" style=\"background:url(https:\/\/scontent-fra5-2.xx.fbcdn.net\/v\/t39.30808-6\/461080003_556376880256098_7807877349452077265_n.jpg?stp=dst-jpg_p720x720_tt6&#038;_nc_cat=106&#038;ccb=1-7&#038;_nc_sid=833d8c&#038;_nc_ohc=vhT0a4Zv0CMQ7kNvgGjWmXz&#038;_nc_zt=23&#038;_nc_ht=scontent-fra5-2.xx&#038;edm=AKIiGfEEAAAA&#038;_nc_gid=AOB0ON4J6-CBjHxyd4No7rZ&#038;oh=00_AYDA3bI7wxVY_yW4VJdkvwUwhF8fMnG5_YTSN9sVp33fMg&#038;oe=6754D374);\" title=\"Bild von Facebook\" aria-label=\"Bild von Facebook\"><\/a><a href=\"https:\/\/www.facebook.com\/photo.php?fbid=556372620256524&#038;set=a.301811599045962&#038;type=3\" target=\"_blank\" rel=\"noreferrer\" class=\"slicker-facebook-placeholder fts-fb-thumbs-wrap fts-4-photos fts-fb-thumb-two-wrap fts-fb-large-photo\" style=\"background:url(https:\/\/scontent-fra5-2.xx.fbcdn.net\/v\/t39.30808-6\/460961051_556376946922758_1245356319637266747_n.jpg?stp=dst-jpg_p720x720&#038;_nc_cat=106&#038;ccb=1-7&#038;_nc_sid=833d8c&#038;_nc_ohc=1RxS-PU_-80Q7kNvgFET3Pf&#038;_nc_zt=23&#038;_nc_ht=scontent-fra5-2.xx&#038;edm=AKIiGfEEAAAA&#038;_nc_gid=AOB0ON4J6-CBjHxyd4No7rZ&#038;oh=00_AYA53aOSbsQzKCV1VJ0SqQnEuuDt4lm--YZp_l2qlUPnXg&#038;oe=6754F637);\" title=\"Bild von Facebook\" aria-label=\"Bild von Facebook\"><div class=\"fts-image-count-tint-underlay\"><\/div><div class=\"fts-image-count\"><span>+<\/span>3<\/div><\/a><\/div><div class=\"slicker-facebook-album-photoshadow\"><\/div><div class=\"fts-jal-fb-description-wrap fts-photo-caption-text\"><a href=\"https:\/\/www.facebook.com\/422852896941831\/posts\/556376763589443\" target=\"_blank\" rel=\"noreferrer\" class=\"fts-jal-fb-name\">Foto dal post di FIAB S\u00fcdtirol Alto Adige<\/a><div class=\"fts-clear\"><\/div><\/div><div class=\"fts-clear\"><\/div><\/div><div class=\"fts-clear\"><\/div><\/div><div class=\"fts-likes-shares-etc-wrap\"><div class=\"fts-fb-likes-shares-etc-content\"><a href=\"https:\/\/www.facebook.com\/422852896941831\/posts\/556376763589443\" target=\"_blank\" rel=\"noreferrer\" class=\"fts-jal-fb-see-more\"><span class=\"fts-count-wrap fts-likes-wrap\"><\/span><span class=\"fts-count-wrap fts-comments-wrap\"><\/span><span class=\"fts-count-wrap fts-shares-wrap\"><\/span><\/a><div class=\"fts-shares-view-on-fb-wrap\"><a href=\"https:\/\/www.facebook.com\/422852896941831\/posts\/556376763589443\" target=\"_blank\" rel=\"noreferrer\" class=\"fts-view-on-facebook-url fts-jal-fb-see-more\"><span class=\"fts-view-on-facebook\">Auf Facebook ansehen<\/span><\/a><div class=\"fts-share-wrap\"><a href=\"javascript:;\" class=\"ft-gallery-link-popup\" title=\"Social-Share-Optionen\"><\/a><div class=\"ft-gallery-share-wrap\"><a href=\"https:\/\/www.facebook.com\/sharer\/sharer.php?u=https:\/\/www.facebook.com\/422852896941831\/posts\/556376763589443\" target=\"_blank\" rel=\"noreferrer\" class=\"ft-galleryfacebook-icon\" title=\"Share this post on Facebook\"><i class=\"fa fa-facebook-square\"><\/i><\/a><a href=\"https:\/\/twitter.com\/intent\/tweet?text=https:\/\/www.facebook.com\/422852896941831\/posts\/556376763589443+1\" target=\"_blank\" rel=\"noreferrer\" class=\"ft-gallerytwitter-icon\" title=\"Share this post on Twitter\"><i class=\"fa fa-twitter\"><\/i><\/a><a href=\"https:\/\/www.linkedin.com\/shareArticle?mini=true&amp;url=https:\/\/www.facebook.com\/422852896941831\/posts\/556376763589443\" target=\"_blank\" rel=\"noreferrer\" class=\"ft-gallerylinkedin-icon\" title=\"Share this post on Linkedin\"><i class=\"fa fa-linkedin\"><\/i><\/a><a href=\"mailto:?subject=Shared Link&amp;body=https:\/\/www.facebook.com\/422852896941831\/posts\/556376763589443 - 1\" target=\"_blank\" rel=\"noreferrer\" class=\"ft-galleryemail-icon\" title=\"Share this post in your email\"><i class=\"fa fa-envelope\"><\/i><\/a><\/div><\/div><\/div><\/div><\/div><div class=\"fts-clear\"><\/div><\/div><div class=\"fts-jal-single-fb-post\"><div  class=\"fts-jal-fb-right-wrap\"><div class=\"fts-jal-fb-top-wrap \"><div class=\"fts-jal-fb-user-thumb\"><a href=\"https:\/\/www.facebook.com\/1327482657400631\" target=\"_blank\" rel=\"noreferrer\"><img decoding=\"async\" border=\"0\" alt=\"FIAB S\u00fcdtirol Alto Adige\" src=\"https:\/\/scontent-fra5-2.xx.fbcdn.net\/v\/t39.30808-1\/422345099_409146678312453_9085237538647410816_n.jpg?stp=cp0_dst-jpg_s50x50&amp;_nc_cat=106&amp;ccb=1-7&amp;_nc_sid=6738e8&amp;_nc_ohc=IjUmXX8lziwQ7kNvgFC9ovR&amp;_nc_zt=24&amp;_nc_ht=scontent-fra5-2.xx&amp;edm=AJdBtusEAAAA&amp;_nc_gid=AqhYPHux50p46JHihjVwjUg&amp;oh=00_AYC9tyYszJLtTn0xYtBlPOIoOszF-AQxF1P5Baep0_1irQ&amp;oe=6754E82E\"\/><\/a><\/div><span class=\"fts-jal-fb-user-name\"><a href=\"https:\/\/www.facebook.com\/1327482657400631\" target=\"_blank\" rel=\"noreferrer\">FIAB S\u00fcdtirol Alto Adige<\/a><\/span><span class=\"fts-jal-fb-post-time\">2 Jahre zuvor<\/span><div class=\"fts-clear\"><\/div><div class=\"fts-jal-fb-message\">Primi scatti di questa domenica dedicata alla biciletta. Venite a trovarci al nostro stand di Bolzano in bici nel piazzale delle feste dei Prati del Talvera! <a href=\"https:\/\/www.facebook.com\/hashtag\/bolzanoinbici\" target=\"_blank\" rel=\"noreferrer\">#bolzanoinbici<\/a> <br \/>\n<br \/>\nErste Eindr\u00fccke des heutigen Sonntags der Fahrr\u00e4der. Kommt uns besuchen auf unserem Stand auf den Talferwiesen. <a href=\"https:\/\/www.facebook.com\/hashtag\/boznerradrag\" target=\"_blank\" rel=\"noreferrer\">#boznerradrag<\/a><div class=\"fts-clear\"><\/div><\/div><\/div><div class=\"fts-jal-fb-link-wrap fts-album-photos-wrap\"><a href=\"https:\/\/www.facebook.com\/422852896941831\/posts\/556364493590670\" target=\"_blank\" rel=\"noreferrer\" class=\"fts-jal-fb-picture fts-fb-large-photo\"><img decoding=\"async\" border=\"0\" alt=\"FIAB S\u00fcdtirol Alto Adige\" src=\"https:\/\/scontent-fra3-2.xx.fbcdn.net\/v\/t39.30808-6\/460957098_556360070257779_7788327837688510967_n.jpg?stp=cp1_dst-jpg&#038;_nc_cat=104&#038;ccb=1-7&#038;_nc_sid=833d8c&#038;_nc_ohc=zgh1r7vcZnoQ7kNvgHHPAfh&#038;_nc_zt=23&#038;_nc_ht=scontent-fra3-2.xx&#038;edm=AKIiGfEEAAAA&#038;_nc_gid=AOB0ON4J6-CBjHxyd4No7rZ&#038;oh=00_AYAG9nuQqj9JgTF3Dw0FNQHwmdYW2okqEvKODsdu1jjF5A&#038;oe=6754E4C5\"><\/a><div class=\"fts-clear\"><\/div><div id=\"rgdfxnoejf_page\" class=\"fts-more-photos-4-photos fts-fb-more-photos-wrap fts-facebook-inline-block-centered\" style=\"max-width:960px\" data-ftsi-id=rgdfxnoejf_page data-ftsi-columns=\"3\" data-ftsi-margin=\"1px\" data-ftsi-force-columns=\"yes\"><a href=\"https:\/\/www.facebook.com\/photo.php?fbid=556360090257777&#038;set=a.301811599045962&#038;type=3\" target=\"_blank\" rel=\"noreferrer\" class=\"slicker-facebook-placeholder fts-fb-thumbs-wrap fts-4-photos fts-fb-thumb-zero-wrap fts-fb-large-photo\" style=\"background:url(https:\/\/scontent-fra3-1.xx.fbcdn.net\/v\/t39.30808-6\/461004980_556364596923993_5796628459792242318_n.jpg?stp=cp1_dst-jpg_s960x960_tt6&#038;_nc_cat=105&#038;ccb=1-7&#038;_nc_sid=833d8c&#038;_nc_ohc=u3kev2fAQWgQ7kNvgEyULLe&#038;_nc_zt=23&#038;_nc_ht=scontent-fra3-1.xx&#038;edm=AKIiGfEEAAAA&#038;_nc_gid=AOB0ON4J6-CBjHxyd4No7rZ&#038;oh=00_AYDmzs5bd0AJ433B75osMfJJQOzTquub5CoDfqNMSJ5gLQ&#038;oe=6754FAAC);\" title=\"Bild von Facebook\" aria-label=\"Bild von Facebook\"><\/a><a href=\"https:\/\/www.facebook.com\/photo.php?fbid=556370400256746&#038;set=a.301811599045962&#038;type=3\" target=\"_blank\" rel=\"noreferrer\" class=\"fts-2-or-3-photos slicker-facebook-placeholder fts-fb-thumbs-wrap fts-4-photos fts-fb-thumb-one-wrap fts-fb-large-photo\" style=\"background:url(https:\/\/scontent-fra3-1.xx.fbcdn.net\/v\/t39.30808-6\/460852875_556370406923412_2964737045965941578_n.jpg?stp=dst-jpg_p720x720_tt6&#038;_nc_cat=108&#038;ccb=1-7&#038;_nc_sid=833d8c&#038;_nc_ohc=PCVfWSfE9qwQ7kNvgE9TqEx&#038;_nc_zt=23&#038;_nc_ht=scontent-fra3-1.xx&#038;edm=AKIiGfEEAAAA&#038;_nc_gid=AOB0ON4J6-CBjHxyd4No7rZ&#038;oh=00_AYCZ13JJ4RSb-osA2BFryCtV_9FoDp6RLdJeEvjOs-CbcQ&#038;oe=6754D551);\" title=\"Bild von Facebook\" aria-label=\"Bild von Facebook\"><\/a><a href=\"https:\/\/www.facebook.com\/photo.php?fbid=556370476923405&#038;set=a.301811599045962&#038;type=3\" target=\"_blank\" rel=\"noreferrer\" class=\"slicker-facebook-placeholder fts-fb-thumbs-wrap fts-4-photos fts-fb-thumb-two-wrap fts-fb-large-photo\" style=\"background:url(https:\/\/scontent-fra3-1.xx.fbcdn.net\/v\/t39.30808-6\/460957048_556370480256738_2541597296999640741_n.jpg?stp=dst-jpg_p720x720&#038;_nc_cat=101&#038;ccb=1-7&#038;_nc_sid=833d8c&#038;_nc_ohc=dH-RaPCjK5kQ7kNvgFKYhLn&#038;_nc_zt=23&#038;_nc_ht=scontent-fra3-1.xx&#038;edm=AKIiGfEEAAAA&#038;_nc_gid=AOB0ON4J6-CBjHxyd4No7rZ&#038;oh=00_AYBa67IIoEFrkOSiiyl9oJWRUpOcVwupVQZg3YImGzCm5w&#038;oe=6754E034);\" title=\"Bild von Facebook\" aria-label=\"Bild von Facebook\"><div class=\"fts-image-count-tint-underlay\"><\/div><div class=\"fts-image-count\"><span>+<\/span>2<\/div><\/a><\/div><div class=\"slicker-facebook-album-photoshadow\"><\/div><div class=\"fts-jal-fb-description-wrap fts-photo-caption-text\"><a href=\"https:\/\/www.facebook.com\/422852896941831\/posts\/556364493590670\" target=\"_blank\" rel=\"noreferrer\" class=\"fts-jal-fb-name\">Foto dal post di FIAB S\u00fcdtirol Alto Adige<\/a><div class=\"fts-clear\"><\/div><\/div><div class=\"fts-clear\"><\/div><\/div><div class=\"fts-clear\"><\/div><\/div><div class=\"fts-likes-shares-etc-wrap\"><div class=\"fts-fb-likes-shares-etc-content\"><a href=\"https:\/\/www.facebook.com\/422852896941831\/posts\/556364493590670\" target=\"_blank\" rel=\"noreferrer\" class=\"fts-jal-fb-see-more\"><span class=\"fts-count-wrap fts-likes-wrap\"><\/span><span class=\"fts-count-wrap fts-comments-wrap\"><\/span><span class=\"fts-count-wrap fts-shares-wrap\"><\/span><\/a><div class=\"fts-shares-view-on-fb-wrap\"><a href=\"https:\/\/www.facebook.com\/422852896941831\/posts\/556364493590670\" target=\"_blank\" rel=\"noreferrer\" class=\"fts-view-on-facebook-url fts-jal-fb-see-more\"><span class=\"fts-view-on-facebook\">Auf Facebook ansehen<\/span><\/a><div class=\"fts-share-wrap\"><a href=\"javascript:;\" class=\"ft-gallery-link-popup\" title=\"Social-Share-Optionen\"><\/a><div class=\"ft-gallery-share-wrap\"><a href=\"https:\/\/www.facebook.com\/sharer\/sharer.php?u=https:\/\/www.facebook.com\/422852896941831\/posts\/556364493590670\" target=\"_blank\" rel=\"noreferrer\" class=\"ft-galleryfacebook-icon\" title=\"Share this post on Facebook\"><i class=\"fa fa-facebook-square\"><\/i><\/a><a href=\"https:\/\/twitter.com\/intent\/tweet?text=https:\/\/www.facebook.com\/422852896941831\/posts\/556364493590670+1\" target=\"_blank\" rel=\"noreferrer\" class=\"ft-gallerytwitter-icon\" title=\"Share this post on Twitter\"><i class=\"fa fa-twitter\"><\/i><\/a><a href=\"https:\/\/www.linkedin.com\/shareArticle?mini=true&amp;url=https:\/\/www.facebook.com\/422852896941831\/posts\/556364493590670\" target=\"_blank\" rel=\"noreferrer\" class=\"ft-gallerylinkedin-icon\" title=\"Share this post on Linkedin\"><i class=\"fa fa-linkedin\"><\/i><\/a><a href=\"mailto:?subject=Shared Link&amp;body=https:\/\/www.facebook.com\/422852896941831\/posts\/556364493590670 - 1\" target=\"_blank\" rel=\"noreferrer\" class=\"ft-galleryemail-icon\" title=\"Share this post in your email\"><i class=\"fa fa-envelope\"><\/i><\/a><\/div><\/div><\/div><\/div><\/div><div class=\"fts-clear\"><\/div><\/div><div class='fts-fb-photo-post-wrap fts-jal-single-fb-post' ><div  class=\"fts-jal-fb-right-wrap\"><div class=\"fts-jal-fb-top-wrap \"><div class=\"fts-jal-fb-user-thumb\"><a href=\"https:\/\/www.facebook.com\/1327482657400631\" target=\"_blank\" rel=\"noreferrer\"><img decoding=\"async\" border=\"0\" alt=\"FIAB S\u00fcdtirol Alto Adige\" src=\"https:\/\/scontent-fra5-2.xx.fbcdn.net\/v\/t39.30808-1\/422345099_409146678312453_9085237538647410816_n.jpg?stp=cp0_dst-jpg_s50x50&amp;_nc_cat=106&amp;ccb=1-7&amp;_nc_sid=6738e8&amp;_nc_ohc=IjUmXX8lziwQ7kNvgFC9ovR&amp;_nc_zt=24&amp;_nc_ht=scontent-fra5-2.xx&amp;edm=AJdBtusEAAAA&amp;_nc_gid=AqhYPHux50p46JHihjVwjUg&amp;oh=00_AYC9tyYszJLtTn0xYtBlPOIoOszF-AQxF1P5Baep0_1irQ&amp;oe=6754E82E\"\/><\/a><\/div><span class=\"fts-jal-fb-user-name\"><a href=\"https:\/\/www.facebook.com\/1327482657400631\" target=\"_blank\" rel=\"noreferrer\">FIAB S\u00fcdtirol Alto Adige<\/a><\/span><span class=\"fts-jal-fb-post-time\">2 Jahre zuvor<\/span><div class=\"fts-clear\"><\/div><\/div><div class=\"fts-jal-fb-link-wrap fts-album-photos-wrap\"><a href=\"https:\/\/www.facebook.com\/photo.php?fbid=934863505352203&#038;set=a.491154556389769&#038;type=3\" target=\"_blank\" rel=\"noreferrer\" class=\"fts-jal-fb-picture\"><img decoding=\"async\" border=\"0\" alt=\"FIAB S\u00fcdtirol Alto Adige\" src=\"https:\/\/scontent-fra5-1.xx.fbcdn.net\/v\/t39.30808-6\/458209642_931193232385897_1374117235307798222_n.jpg?stp=dst-jpg_p720x720_tt6&#038;_nc_cat=110&#038;ccb=1-7&#038;_nc_sid=127cfc&#038;_nc_ohc=3ly0tuQ4FaMQ7kNvgFrMjMD&#038;_nc_zt=23&#038;_nc_ht=scontent-fra5-1.xx&#038;edm=AKIiGfEEAAAA&#038;_nc_gid=AOB0ON4J6-CBjHxyd4No7rZ&#038;oh=00_AYBUPIzdKZKxkxiXcL5XJxJnF6GEWdO5aLUHngDZY0y7Ig&#038;oe=6754D61F\"\/><\/a><div class=\"slicker-facebook-album-photoshadow\"><\/div><div class=\"fts-jal-fb-description-wrap fts-photo-caption-text\"><div class=\"fts-jal-fb-description\">La condivisione dello spazio pubblico \u00e8 il tema scelto quest'anno per la Settimana Europea della Mobilit\u00e0 2024 (16-22 settembre), la pi\u00f9 importante campagna di sensibilizzazione della European Commission sulla mobilit\u00e0 urbana sostenibile. \ud83c\udf31\ud83d\udeb2<br \/>\n<br \/>\n\ud83d\udcac Come afferma Luca Polverini, responsabile della SEM per FIAB, \u201clo spazio pubblico \u00e8 una risorsa preziosa e limitata soprattutto all\u2019interno dei centri urbani, strade e piazze sono luoghi di movimento, interazione e relazioni. <br \/>\nUn bene comune il cui utilizzo responsabile \u00e8 vitale per lo sviluppo di una mobilit\u00e0 sostenibile, non solo da un punto di vista ambientale e della sicurezza stradale ma anche per garantire benessere fisico, mentale e sociale, in accordo con la definizione di salute riconosciuta dall\u2019OMS. <br \/>\n<br \/>\nPurtroppo l'Italia sta attualmente andando nella direzione opposta: si tratta di una deriva politica da contrastare a tutti i costi \u201d. \u26d4\ufe0f<br \/>\n<br \/>\n\ud83d\udcc5 \ud83c\udf08 Durante la SEM, FIAB organizza centinaia di iniziative su tutto il territorio nazionale, trovi tutte le info nel nostro articolo su fiabitalia.it<\/div><div class=\"fts-clear\"><\/div><\/div><div class=\"fts-clear\"><\/div><\/div><div class=\"fts-clear\"><\/div><\/div><div class=\"fts-likes-shares-etc-wrap\"><div class=\"fts-fb-likes-shares-etc-content\"><a href=\"https:\/\/www.facebook.com\/photo.php?fbid=934863505352203&#038;set=a.491154556389769&#038;type=3\" target=\"_blank\" rel=\"noreferrer\" class=\"fts-jal-fb-see-more\"><span class=\"fts-count-wrap fts-likes-wrap\"><\/span><span class=\"fts-count-wrap fts-comments-wrap\"><\/span><span class=\"fts-count-wrap fts-shares-wrap\"><\/span><\/a><div class=\"fts-shares-view-on-fb-wrap\"><a href=\"https:\/\/www.facebook.com\/photo.php?fbid=934863505352203&#038;set=a.491154556389769&#038;type=3\" target=\"_blank\" rel=\"noreferrer\" class=\"fts-view-on-facebook-url fts-jal-fb-see-more\"><span class=\"fts-view-on-facebook\">Auf Facebook ansehen<\/span><\/a><div class=\"fts-share-wrap\"><a href=\"javascript:;\" class=\"ft-gallery-link-popup\" title=\"Social-Share-Optionen\"><\/a><div class=\"ft-gallery-share-wrap\"><a href=\"https:\/\/www.facebook.com\/sharer\/sharer.php?u=https:\/\/www.facebook.com\/photo.php?fbid=934863505352203&amp;set=a.491154556389769&amp;type=3\" target=\"_blank\" rel=\"noreferrer\" class=\"ft-galleryfacebook-icon\" title=\"Share this post on Facebook\"><i class=\"fa fa-facebook-square\"><\/i><\/a><a href=\"https:\/\/twitter.com\/intent\/tweet?text=https:\/\/www.facebook.com\/photo.php?fbid=934863505352203&amp;set=a.491154556389769&amp;type=3+\" target=\"_blank\" rel=\"noreferrer\" class=\"ft-gallerytwitter-icon\" title=\"Share this post on Twitter\"><i class=\"fa fa-twitter\"><\/i><\/a><a href=\"https:\/\/www.linkedin.com\/shareArticle?mini=true&amp;url=https:\/\/www.facebook.com\/photo.php?fbid=934863505352203&amp;set=a.491154556389769&amp;type=3\" target=\"_blank\" rel=\"noreferrer\" class=\"ft-gallerylinkedin-icon\" title=\"Share this post on Linkedin\"><i class=\"fa fa-linkedin\"><\/i><\/a><a href=\"mailto:?subject=Shared Link&amp;body=https:\/\/www.facebook.com\/photo.php?fbid=934863505352203&amp;set=a.491154556389769&amp;type=3 - \" target=\"_blank\" rel=\"noreferrer\" class=\"ft-galleryemail-icon\" title=\"Share this post in your email\"><i class=\"fa fa-envelope\"><\/i><\/a><\/div><\/div><\/div><\/div><\/div><div class=\"fts-clear\"><\/div><\/div><div class='fts-fb-photo-post-wrap fts-jal-single-fb-post' ><div  class=\"fts-jal-fb-right-wrap\"><div class=\"fts-jal-fb-top-wrap \"><div class=\"fts-jal-fb-user-thumb\"><a href=\"https:\/\/www.facebook.com\/1327482657400631\" target=\"_blank\" rel=\"noreferrer\"><img decoding=\"async\" border=\"0\" alt=\"FIAB S\u00fcdtirol Alto Adige\" src=\"https:\/\/scontent-fra5-2.xx.fbcdn.net\/v\/t39.30808-1\/422345099_409146678312453_9085237538647410816_n.jpg?stp=cp0_dst-jpg_s50x50&amp;_nc_cat=106&amp;ccb=1-7&amp;_nc_sid=6738e8&amp;_nc_ohc=IjUmXX8lziwQ7kNvgFC9ovR&amp;_nc_zt=24&amp;_nc_ht=scontent-fra5-2.xx&amp;edm=AJdBtusEAAAA&amp;_nc_gid=AqhYPHux50p46JHihjVwjUg&amp;oh=00_AYC9tyYszJLtTn0xYtBlPOIoOszF-AQxF1P5Baep0_1irQ&amp;oe=6754E82E\"\/><\/a><\/div><span class=\"fts-jal-fb-user-name\"><a href=\"https:\/\/www.facebook.com\/1327482657400631\" target=\"_blank\" rel=\"noreferrer\">FIAB S\u00fcdtirol Alto Adige<\/a><\/span><span class=\"fts-jal-fb-post-time\">2 Jahre zuvor<\/span><div class=\"fts-clear\"><\/div><div class=\"fts-jal-fb-message\">Per noi di FIAB S\u00fcdtirol Alto Adige, la Bolzano in bici \u00e8 un appuntamento fisso a cui non possiamo mancare. Quest\u2019anno \u00e8 domenica 22 settembre e noi siamo nel piazzale delle feste nei prati del Talvera con il nostro stand. Venite a trovarci anche con le vostre famiglie: per i pi\u00f9 piccoli abbiamo allestito un tavolo per disegnare \ud83c\udfa8<br \/>\nTutte le info su questa giornata nel nostro post in basso \u2b07\ufe0f ci vediamo l\u00ec!<br \/>\n<br \/>\nF\u00fcr uns als FIAB S\u00fcdtirol Alto Adige ist der Bozner Radtag ein fester Termin, den wir auf keinen Fall verpassen k\u00f6nnen. Dieses Jahr findet er am Sonntag den 22. September statt und wir sind auf dem Festplatz an den Talferwiesen mit unserem Stand. Besucht uns mit euren Familien: f\u00fcr Kinder haben wir eine Mahltisch eingerichtet \ud83c\udfa8<br \/>\nAlle Infos \u00fcber diesen Tag findet ihr in unserem Post nachstehend \u2b07\ufe0f wir sehen uns dort!<div class=\"fts-clear\"><\/div><\/div><\/div><div class=\"fts-jal-fb-link-wrap fts-album-photos-wrap\"><a href=\"https:\/\/www.facebook.com\/photo.php?fbid=549415150952271&#038;set=a.301811605712628&#038;type=3\" target=\"_blank\" rel=\"noreferrer\" class=\"fts-jal-fb-picture\"><img decoding=\"async\" border=\"0\" alt=\"FIAB S\u00fcdtirol Alto Adige\" src=\"https:\/\/scontent-fra5-1.xx.fbcdn.net\/v\/t39.30808-6\/459171076_549415157618937_2441673630118669089_n.jpg?_nc_cat=102&#038;ccb=1-7&#038;_nc_sid=127cfc&#038;_nc_ohc=Dnkb048CWK4Q7kNvgFQAKKm&#038;_nc_zt=23&#038;_nc_ht=scontent-fra5-1.xx&#038;edm=AKIiGfEEAAAA&#038;_nc_gid=AOB0ON4J6-CBjHxyd4No7rZ&#038;oh=00_AYAlOtVeCAnwIRByOah-LgWIBr6K9bIzRCoYhGpxM2y9dQ&#038;oe=6754F1D7\"\/><\/a><div class=\"slicker-facebook-album-photoshadow\"><\/div><div class=\"fts-jal-fb-description-wrap fts-photo-caption-text\"><div class=\"fts-jal-fb-description\">Veniteci a trovare allo stand di FIAB S\u00fcdtirol Alto Adige il 22 settembre (dalle 9.30 - 16.30), iI tradizionale \u201cPalio dei Quartieri\u201d \u00e8 da sempre uno degli appuntamenti pi\u00f9 importanti della giornata BolzanoinBici. Anche quest\u2019anno i 5 quartieri della citt\u00e0  competono per ricevere il tradizionale trofeo. Tutti i bolzanini possono partecipare: \u00e8 sufficiente dichiarare all\u2019iscrizione il quartiere di appartenenza. Vincer\u00e0 il palio il quartiere che raggiunger\u00e0 il maggior numero di iscritti. Per raccogliere i timbri \u00e8 necessario effettuare il percorso in bicicletta. Sostieni il tuo quartiere, pedala anche tu!<br \/>\n<br \/>\nIl percorso di \u201cbolzanoinbici - boznerradtag\u201d non \u00e8 competitivo.<br \/>\nLa manifestazione \u00e8 aperta a tutti. L\u2019iscrizione \u00e8 gratuita e si fa alla partenza. L\u2019estrazione finale avverr\u00e0 presso il piazzale delle feste ai Prati del Talvera alle ore 17.30 tra tutti i partecipanti presenti all\u2019estrazione. In palio tante biciclette! <br \/>\n<br \/>\nInfo in <a href=\"https:\/\/opencity.comune.bolzano.it\/Novita\/News\/BolzanoInBici-2024\">https:\/\/opencity.comune.bolzano.it\/Novita\/News\/BolzanoInBici-2024<\/a>  <br \/>\n<br \/>\nBesucht uns am 22. September am Stand der FIAB S\u00fcdtirol AA (von 9.30 - 16.30 Uhr). Der traditionelle \"Palio dei Quartieri\" ist seit jeher eine der wichtigsten Veranstaltungen des Bozner Radtages. Auch in diesem Jahr k\u00e4mpfen die 5 Stadtteile um die traditionelle Troph\u00e4e. Teilnehmen k\u00f6nnen alle Boznerinnen und Bozner: Sie m\u00fcssen bei der Anmeldung nur angeben, zu welchem Stadtteil sie geh\u00f6ren. Der Stadtteil mit der h\u00f6chsten Teilnehmerzahl gewinnt den Preis. Um die Stempel zu sammeln, muss man die Strecke mit dem Fahrrad zur\u00fccklegen. Unterst\u00fctzt euer Stadtviertel, tretet in die Pedale!<br \/>\n<br \/>\nDie Strecke des \"Boznerradtages\" ist nicht als Wettbewerb ausgeschrieben. Die Veranstaltung ist offen f\u00fcr alle. Die Anmeldung ist kostenlos und erfolgt am Start. Die endg\u00fcltige Verlosung findet um 17.30 Uhr auf dem Festplatz auf den Talferwiesen mit allen Teilnehmern statt, die bei der Verlosung anwesend sind. Zu gewinnen gibt es jede Menge Fahrr\u00e4der!<\/div><div class=\"fts-clear\"><\/div><\/div><div class=\"fts-clear\"><\/div><\/div><div class=\"fts-clear\"><\/div><\/div><div class=\"fts-likes-shares-etc-wrap\"><div class=\"fts-fb-likes-shares-etc-content\"><a href=\"https:\/\/www.facebook.com\/photo.php?fbid=549415150952271&#038;set=a.301811605712628&#038;type=3\" target=\"_blank\" rel=\"noreferrer\" class=\"fts-jal-fb-see-more\"><span class=\"fts-count-wrap fts-likes-wrap\"><\/span><span class=\"fts-count-wrap fts-comments-wrap\"><\/span><span class=\"fts-count-wrap fts-shares-wrap\"><\/span><\/a><div class=\"fts-shares-view-on-fb-wrap\"><a href=\"https:\/\/www.facebook.com\/photo.php?fbid=549415150952271&#038;set=a.301811605712628&#038;type=3\" target=\"_blank\" rel=\"noreferrer\" class=\"fts-view-on-facebook-url fts-jal-fb-see-more\"><span class=\"fts-view-on-facebook\">Auf Facebook ansehen<\/span><\/a><div class=\"fts-share-wrap\"><a href=\"javascript:;\" class=\"ft-gallery-link-popup\" title=\"Social-Share-Optionen\"><\/a><div class=\"ft-gallery-share-wrap\"><a href=\"https:\/\/www.facebook.com\/sharer\/sharer.php?u=https:\/\/www.facebook.com\/photo.php?fbid=549415150952271&amp;set=a.301811605712628&amp;type=3\" target=\"_blank\" rel=\"noreferrer\" class=\"ft-galleryfacebook-icon\" title=\"Share this post on Facebook\"><i class=\"fa fa-facebook-square\"><\/i><\/a><a href=\"https:\/\/twitter.com\/intent\/tweet?text=https:\/\/www.facebook.com\/photo.php?fbid=549415150952271&amp;set=a.301811605712628&amp;type=3+1\" target=\"_blank\" rel=\"noreferrer\" class=\"ft-gallerytwitter-icon\" title=\"Share this post on Twitter\"><i class=\"fa fa-twitter\"><\/i><\/a><a href=\"https:\/\/www.linkedin.com\/shareArticle?mini=true&amp;url=https:\/\/www.facebook.com\/photo.php?fbid=549415150952271&amp;set=a.301811605712628&amp;type=3\" target=\"_blank\" rel=\"noreferrer\" class=\"ft-gallerylinkedin-icon\" title=\"Share this post on Linkedin\"><i class=\"fa fa-linkedin\"><\/i><\/a><a href=\"mailto:?subject=Shared Link&amp;body=https:\/\/www.facebook.com\/photo.php?fbid=549415150952271&amp;set=a.301811605712628&amp;type=3 - 1\" target=\"_blank\" rel=\"noreferrer\" class=\"ft-galleryemail-icon\" title=\"Share this post in your email\"><i class=\"fa fa-envelope\"><\/i><\/a><\/div><\/div><\/div><\/div><\/div><div class=\"fts-clear\"><\/div><\/div><\/div><div class=\"fts-clear\"><\/div><div id=\"fb-root\"><\/div>\n","protected":false},"excerpt":{"rendered":"","protected":false},"author":2,"featured_media":0,"parent":0,"menu_order":0,"comment_status":"closed","ping_status":"closed","template":"","meta":{"footnotes":""},"class_list":["post-839","page","type-page","status-publish"],"_links":{"self":[{"href":"https:\/\/fiab-staa.it\/de\/wp-json\/wp\/v2\/pages\/839","targetHints":{"allow":["GET"]}}],"collection":[{"href":"https:\/\/fiab-staa.it\/de\/wp-json\/wp\/v2\/pages"}],"about":[{"href":"https:\/\/fiab-staa.it\/de\/wp-json\/wp\/v2\/types\/page"}],"author":[{"embeddable":true,"href":"https:\/\/fiab-staa.it\/de\/wp-json\/wp\/v2\/users\/2"}],"replies":[{"embeddable":true,"href":"https:\/\/fiab-staa.it\/de\/wp-json\/wp\/v2\/comments?post=839"}],"version-history":[{"count":5,"href":"https:\/\/fiab-staa.it\/de\/wp-json\/wp\/v2\/pages\/839\/revisions"}],"predecessor-version":[{"id":1293,"href":"https:\/\/fiab-staa.it\/de\/wp-json\/wp\/v2\/pages\/839\/revisions\/1293"}],"wp:attachment":[{"href":"https:\/\/fiab-staa.it\/de\/wp-json\/wp\/v2\/media?parent=839"}],"curies":[{"name":"wp","href":"https:\/\/api.w.org\/{rel}","templated":true}]}}