{"id":39,"date":"2023-08-26T14:20:54","date_gmt":"2023-08-26T12:20:54","guid":{"rendered":"https:\/\/fiab-staa.it\/?page_id=39"},"modified":"2023-09-25T09:34:42","modified_gmt":"2023-09-25T07:34:42","slug":"chi-siamo","status":"publish","type":"page","link":"https:\/\/fiab-staa.it\/it\/chi-siamo\/","title":{"rendered":"CHI SIAMO"},"content":{"rendered":"<div class=\"wp-block-image\">\n<figure class=\"aligncenter size-large is-resized\"><img decoding=\"async\" src=\"https:\/\/fiab-staa.it\/wp-content\/uploads\/2023\/08\/logo-FIAB_STAA-1-1024x628.jpg\" alt=\"\" class=\"wp-image-276\" style=\"width:272px;height:167px\" width=\"272\" height=\"167\" srcset=\"https:\/\/fiab-staa.it\/wp-content\/uploads\/2023\/08\/logo-FIAB_STAA-1-1024x628.jpg 1024w, https:\/\/fiab-staa.it\/wp-content\/uploads\/2023\/08\/logo-FIAB_STAA-1-300x184.jpg 300w, https:\/\/fiab-staa.it\/wp-content\/uploads\/2023\/08\/logo-FIAB_STAA-1-768x471.jpg 768w, https:\/\/fiab-staa.it\/wp-content\/uploads\/2023\/08\/logo-FIAB_STAA-1.jpg 1200w\" sizes=\"(max-width: 272px) 100vw, 272px\" \/><\/figure>\n<\/div>\n\n\n<p>La&nbsp;<strong>FIAB (Federazione Italiana Ambiente e Bicicletta&nbsp;<\/strong><br>\u00e8 una Associazione di Promozione Sociale (APS) che ha come \u201cscopo primario\u201d &nbsp;lo svolgimento di attivit\u00e0 nel settore della tutela e valorizzazione della natura e dell&#8217;ambiente nell\u2019ambito della mobilit\u00e0 sostenibile, promuovendo l\u2019uso della bicicletta, sia come mezzo di trasporto quotidiano per migliorare mobilit\u00e0 e ambiente urbano, sia per la pratica dell\u2019escursionismo in bicicletta, una forma di turismo particolarmente rispettosa dell\u2019ambiente. La bicicletta \u00e8 un mezzo di trasporto ecologico, economico e salutare per il traffico quotidiano.<\/p>\n\n\n\n<p>Con 19.000 soci in circa 180 sezioni in tutta Italia, la&nbsp;<strong>FIAB&nbsp;<\/strong>\u00e8 la pi\u00f9 grande associazione italiana nel settore della mobilit\u00e0 ciclabile ed \u00e8 in contatto diretto con i ministeri e altri organi decisionali politici. L\u00b4associazione si occupa da anni di CICLISMO URBANO, CENTRO STUDI, TURISMO IN BICI, RELAZIONI ISTITUZIONALI E ADVOCACY, COMUNICAZIONE E BAMBINI E RAGAZZI &gt; vedi dettagli in sul sito ufficiale&nbsp;<strong><a href=\"http:\/\/www.fiab-onlus.it\/\" target=\"_blank\" rel=\"noreferrer noopener\">http:\/\/www.fiab-onlus.it<\/a><\/strong><\/p>\n\n\n\n<p>\u200bLa&nbsp;<strong>FIAB<\/strong>&nbsp;sostiene i ciclisti da oltre 30 anni con diverse campagne di sensibilizzazione (es. Bimbinbici, Bike to Work),&nbsp; offre servizi per i ciclisti come<strong>&nbsp;Albergabici<\/strong>, ma mantiene anche contatti diretti a livello locale con gruppi di interesse e politici a tutti i livelli, nonch\u00e9 con i rappresentanti di altri mezzi di trasporto.&nbsp;Grazie all\u00b4integrazione nell&#8217;<strong>&nbsp;ECF (European Cyclists Federation<\/strong>) con sede a Bruxelles, la&nbsp;<strong>FIAB<\/strong>&nbsp;\u00e8 collegata in rete in tutta Europa. Il presidente della FIAB nazionale, Dr. Tursi, \u00e8 anche vicepresidente dell&#8217;<strong>ECF.<\/strong><\/p>\n\n\n\n<p>Ci confrontiamo con i responsabili politici per migliorare le progettazioni delle infrastrutture, offriamo le soluzioni intermodali e ci sforziamo di influenzare in modo significativo la legislazione relativa alla mobilit\u00e0.<\/p>\n\n\n\n<p>\u200b<strong>Tutte le SEZIONI FIAB in Italia&nbsp;<a rel=\"noreferrer noopener\" href=\"http:\/\/www.fiab-onlus.it\/bici\/newsfiab\/assoc7.php\" target=\"_blank\">&gt; QUI<\/a><\/strong><\/p>\n\n\n\n<h1 class=\"wp-block-heading\"><strong>FIAB &#8211; S\u00dcDTIROL ALTO ADIGE<\/strong><\/h1>\n\n\n\n<p><strong>In Alto Adige la FIAB \u00e8 stata fondata il 1.12.2019<\/strong><\/p>\n\n\n\n<p>L\u00b4Assemblea Generale della\u00a0<strong>FIAB-S\u00fcdtirol Alto Adige\u00a0<\/strong>(STAA) si svolge regolarmente una volta all&#8217;anno verso la met\u00e0 di febbraio. In quella occasione vengono valutate le attivit\u00e0 dell&#8217;anno precedente e il direttivo presenta i piani e gli obiettivi per l\u00b4anno successivo.<\/p>\n\n\n\n<p><\/p>\n\n\n\n<h2 class=\"wp-block-heading has-text-align-center\"><strong><br>IL NOSTRO STATUTO<\/strong><\/h2>\n\n\n\n<p class=\"has-text-align-center\"><a href=\"https:\/\/fiab-staa.it\/wp-content\/uploads\/2023\/09\/Statuto-FIAB-STAA-Satzung.pdf\">Scarica il PDF<\/a><\/p>\n\n\n\n<iframe width=\"560\" height=\"315\" src=\"https:\/\/www.youtube.com\/embed\/NprYP9K5wtA?si=0aR31Z9w2mA_AVdg\" title=\"YouTube video player\" frameborder=\"0\" allow=\"accelerometer; autoplay; clipboard-write; encrypted-media; gyroscope; picture-in-picture; web-share\" allowfullscreen><\/iframe>\n","protected":false},"excerpt":{"rendered":"<p>La&nbsp;FIAB (Federazione Italiana Ambiente e Bicicletta&nbsp;\u00e8 una Associazione di Promozione Sociale (APS) che ha come \u201cscopo primario\u201d &nbsp;lo svolgimento di attivit\u00e0 nel settore della tutela e valorizzazione della natura e dell&#8217;ambiente nell\u2019ambito della mobilit\u00e0 sostenibile, promuovendo l\u2019uso della bicicletta, sia come mezzo di trasporto quotidiano per migliorare mobilit\u00e0 e ambiente&hellip;<\/p>\n<p> <a class=\"more-link\" href=\"https:\/\/fiab-staa.it\/it\/chi-siamo\/\">Leggi tutto<\/a><\/p>\n","protected":false},"author":2,"featured_media":0,"parent":0,"menu_order":0,"comment_status":"closed","ping_status":"closed","template":"","meta":{"footnotes":""},"class_list":["post-39","page","type-page","status-publish"],"_links":{"self":[{"href":"https:\/\/fiab-staa.it\/it\/wp-json\/wp\/v2\/pages\/39","targetHints":{"allow":["GET"]}}],"collection":[{"href":"https:\/\/fiab-staa.it\/it\/wp-json\/wp\/v2\/pages"}],"about":[{"href":"https:\/\/fiab-staa.it\/it\/wp-json\/wp\/v2\/types\/page"}],"author":[{"embeddable":true,"href":"https:\/\/fiab-staa.it\/it\/wp-json\/wp\/v2\/users\/2"}],"replies":[{"embeddable":true,"href":"https:\/\/fiab-staa.it\/it\/wp-json\/wp\/v2\/comments?post=39"}],"version-history":[{"count":29,"href":"https:\/\/fiab-staa.it\/it\/wp-json\/wp\/v2\/pages\/39\/revisions"}],"predecessor-version":[{"id":827,"href":"https:\/\/fiab-staa.it\/it\/wp-json\/wp\/v2\/pages\/39\/revisions\/827"}],"wp:attachment":[{"href":"https:\/\/fiab-staa.it\/it\/wp-json\/wp\/v2\/media?parent=39"}],"curies":[{"name":"wp","href":"https:\/\/api.w.org\/{rel}","templated":true}]}}